{"id":539,"date":"2023-01-19T08:08:31","date_gmt":"2023-01-19T08:08:31","guid":{"rendered":"https:\/\/pontecaldelas.gal\/?page_id=539"},"modified":"2023-01-19T08:59:02","modified_gmt":"2023-01-19T08:59:02","slug":"area-arqueologica-de-touron","status":"publish","type":"page","link":"https:\/\/pontecaldelas.gal\/gl\/area-arqueologica-de-touron\/","title":{"rendered":"\u00c1rea Arqueol\u00f3xica de Tour\u00f3n"},"content":{"rendered":"<div \n\t\t\tclass=\"wp-block-uagb-google-map uagb-google-map__wrap uagb-block-b103b1a6\"\n\t\t\tstyle=\"\" >\n\t\t\t\t<embed\n\t\t\t\t\tclass=\"uagb-google-map__iframe\"\n\t\t\t\t\ttitle=\"Google Map for \"\n\t\t\t\t\tsrc=\"https:\/\/maps.google.com\/maps?q=Lugar%20de%20Touron%2C%20s%2Fn.%2036828%2C%20Pontevedra&#038;z=12&#038;hl=en&#038;t=m&#038;output=embed&#038;iwloc=near\"\n\t\t\t\t\twidth=\"640\"\n\t\t\t\t\theight=\"300\"\n\t\t\t\t\tloading=\"lazy\"\n\t\t\t\t><\/embed>\n\t\t\t<\/div>\n\t\t\t\n\n\n<div class=\"wp-block-columns is-layout-flex wp-container-core-columns-is-layout-28f84493 wp-block-columns-is-layout-flex\">\n<div class=\"wp-block-column has-background is-layout-flow wp-block-column-is-layout-flow\" style=\"background-color:#f0c136\">\n<h2 class=\"has-text-align-center wp-block-heading\">COORDENADAS<\/h2>\n\n\n\n<div class=\"wp-block-columns is-layout-flex wp-container-core-columns-is-layout-28f84493 wp-block-columns-is-layout-flex\">\n<div class=\"wp-block-column is-layout-flow wp-block-column-is-layout-flow\">\n<h3 class=\"has-text-align-center wp-block-heading\">GWS<\/h3>\n\n\n\n<p class=\"has-text-align-center\">42\u00ba 24\u00b4 19.95\u00b4\u00b4 N<br>08\u00ba 31\u00b4 31.16\u00b4\u00b4 O<\/p>\n<\/div>\n\n\n\n<div class=\"wp-block-column is-layout-flow wp-block-column-is-layout-flow\">\n<h3 class=\"has-text-align-center wp-block-heading\">XY<\/h3>\n\n\n\n<p class=\"has-text-align-center\">539.146.77m X<br>4.694.844.90m Y<\/p>\n<\/div>\n<\/div>\n<\/div>\n<\/div>\n\n\n\n<div class=\"wp-block-columns is-layout-flex wp-container-core-columns-is-layout-28f84493 wp-block-columns-is-layout-flex\">\n<div class=\"wp-block-column has-background is-layout-flow wp-block-column-is-layout-flow\" style=\"background-color:#f0c136\">\n<h2 class=\"has-text-align-center wp-block-heading\">INFORMACI\u00d3N<\/h2>\n\n\n\n<p><strong>Tel\u00e9fono:<\/strong> <a href=\"tel:986767235\">986 76 72 35<\/a><br><strong>Correo:<\/strong> <a href=\"mailto:touron@pontecaldelas.gal\">touron@pontecaldelas.gal<\/a><\/p>\n\n\n\n<div class=\"wp-block-uagb-icon-list uagb-block-818777f4\"><div class=\"uagb-icon-list__wrap\">\n<div class=\"wp-block-uagb-icon-list-child uagb-block-03bb29c8\"><a target=\"_blank\" aria-label=\"Descargar folleto Area Arqueol\u00f3xica de Tour\u00f3n\" rel=\"noopener noreferrer\" href=\"\/wp-content\/uploads\/2023\/01\/folleto_area_arqueoloxica_rouron.pdf\"> <\/a><span class=\"uagb-icon-list__source-wrap\"><svg xmlns=\"https:\/\/www.w3.org\/2000\/svg\" viewbox=\"0 0 512 512\"><path d=\"M480 352h-133.5l-45.25 45.25C289.2 409.3 273.1 416 256 416s-33.16-6.656-45.25-18.75L165.5 352H32c-17.67 0-32 14.33-32 32v96c0 17.67 14.33 32 32 32h448c17.67 0 32-14.33 32-32v-96C512 366.3 497.7 352 480 352zM432 456c-13.2 0-24-10.8-24-24c0-13.2 10.8-24 24-24s24 10.8 24 24C456 445.2 445.2 456 432 456zM233.4 374.6C239.6 380.9 247.8 384 256 384s16.38-3.125 22.62-9.375l128-128c12.49-12.5 12.49-32.75 0-45.25c-12.5-12.5-32.76-12.5-45.25 0L288 274.8V32c0-17.67-14.33-32-32-32C238.3 0 224 14.33 224 32v242.8L150.6 201.4c-12.49-12.5-32.75-12.5-45.25 0c-12.49 12.5-12.49 32.75 0 45.25L233.4 374.6z\"><\/path><\/svg><\/span><span class=\"uagb-icon-list__label\">Descargar folleto Area Arqueol\u00f3xica de Tour\u00f3n<\/span><\/div>\n\n\n\n<div class=\"wp-block-uagb-icon-list-child uagb-block-9ca734d2\"><a target=\"_blank\" aria-label=\"Descargar ruta de arte rupestre\" rel=\"noopener noreferrer\" href=\"\/wp-content\/uploads\/2023\/01\/PETRA_GAL-baja.pdf\"> <\/a><span class=\"uagb-icon-list__source-wrap\"><svg xmlns=\"https:\/\/www.w3.org\/2000\/svg\" viewbox=\"0 0 512 512\"><path d=\"M480 352h-133.5l-45.25 45.25C289.2 409.3 273.1 416 256 416s-33.16-6.656-45.25-18.75L165.5 352H32c-17.67 0-32 14.33-32 32v96c0 17.67 14.33 32 32 32h448c17.67 0 32-14.33 32-32v-96C512 366.3 497.7 352 480 352zM432 456c-13.2 0-24-10.8-24-24c0-13.2 10.8-24 24-24s24 10.8 24 24C456 445.2 445.2 456 432 456zM233.4 374.6C239.6 380.9 247.8 384 256 384s16.38-3.125 22.62-9.375l128-128c12.49-12.5 12.49-32.75 0-45.25c-12.5-12.5-32.76-12.5-45.25 0L288 274.8V32c0-17.67-14.33-32-32-32C238.3 0 224 14.33 224 32v242.8L150.6 201.4c-12.49-12.5-32.75-12.5-45.25 0c-12.49 12.5-12.49 32.75 0 45.25L233.4 374.6z\"><\/path><\/svg><\/span><span class=\"uagb-icon-list__label\">Descargar ruta de arte rupestre<\/span><\/div>\n\n\n\n<div class=\"wp-block-uagb-icon-list-child uagb-block-66632099\"><a target=\"_blank\" aria-label=\"Descargar Audiogu\u00eda\" rel=\"noopener noreferrer\" href=\"\/wp-content\/uploads\/audio\/audioguia-Touron-gl.mp3\"> <\/a><span class=\"uagb-icon-list__source-wrap\"><svg xmlns=\"https:\/\/www.w3.org\/2000\/svg\" viewbox=\"0 0 512 512\"><path d=\"M480 352h-133.5l-45.25 45.25C289.2 409.3 273.1 416 256 416s-33.16-6.656-45.25-18.75L165.5 352H32c-17.67 0-32 14.33-32 32v96c0 17.67 14.33 32 32 32h448c17.67 0 32-14.33 32-32v-96C512 366.3 497.7 352 480 352zM432 456c-13.2 0-24-10.8-24-24c0-13.2 10.8-24 24-24s24 10.8 24 24C456 445.2 445.2 456 432 456zM233.4 374.6C239.6 380.9 247.8 384 256 384s16.38-3.125 22.62-9.375l128-128c12.49-12.5 12.49-32.75 0-45.25c-12.5-12.5-32.76-12.5-45.25 0L288 274.8V32c0-17.67-14.33-32-32-32C238.3 0 224 14.33 224 32v242.8L150.6 201.4c-12.49-12.5-32.75-12.5-45.25 0c-12.49 12.5-12.49 32.75 0 45.25L233.4 374.6z\"><\/path><\/svg><\/span><span class=\"uagb-icon-list__label\">Descargar Audiogu\u00eda<\/span><\/div>\n<\/div><\/div>\n\n\n\n<figure class=\"wp-block-embed aligncenter is-type-video is-provider-youtube wp-block-embed-youtube wp-embed-aspect-4-3 wp-has-aspect-ratio wp-video-h300\"><div class=\"wp-block-embed__wrapper\">\n<iframe title=\"Petroglifos de Ponte Caldeas\" width=\"800\" height=\"600\" src=\"https:\/\/www.youtube.com\/embed\/LTbPcesziMU?feature=oembed\" frameborder=\"0\" allow=\"accelerometer; autoplay; clipboard-write; encrypted-media; gyroscope; picture-in-picture; web-share\" allowfullscreen><\/iframe>\n<\/div><\/figure>\n<\/div>\n\n\n\n<div class=\"wp-block-column is-layout-flow wp-block-column-is-layout-flow\">\n<figure class=\"wp-block-image size-full\"><a href=\"\/wp-content\/uploads\/2023\/01\/plano.pdf\" target=\"_blank\" rel=\"noreferrer noopener\"><img fetchpriority=\"high\" decoding=\"async\" width=\"490\" height=\"708\" src=\"https:\/\/pontecaldelas.gal\/wp-content\/uploads\/2023\/01\/mapa.png\" alt=\"\" class=\"wp-image-540\" srcset=\"https:\/\/pontecaldelas.gal\/wp-content\/uploads\/2023\/01\/mapa.png 490w, https:\/\/pontecaldelas.gal\/wp-content\/uploads\/2023\/01\/mapa-208x300.png 208w\" sizes=\"(max-width: 490px) 100vw, 490px\" \/><\/a><figcaption class=\"wp-element-caption\">Descargar Mapa<\/figcaption><\/figure>\n<\/div>\n<\/div>\n\n\n\n<div class=\"wp-block-columns is-layout-flex wp-container-core-columns-is-layout-28f84493 wp-block-columns-is-layout-flex\">\n<div class=\"wp-block-column has-background is-layout-flow wp-block-column-is-layout-flow\" style=\"background-color:#f0c136\">\n<h2 class=\"has-text-align-center wp-block-heading\">GALER\u00cdA<\/h2>\n<\/div>\n<\/div>\n\n\n\n<figure class=\"wp-block-gallery aligncenter has-nested-images columns-5 is-cropped wp-block-gallery-1 is-layout-flex wp-block-gallery-is-layout-flex\">\n<figure class=\"wp-block-image size-large\"><a href=\"https:\/\/pontecaldelas.gal\/wp-content\/uploads\/2023\/01\/Vistas-Area-Arqueoloxica.-Mesa-Paisaxe-Nabal-Martino.jpg\"><img decoding=\"async\" width=\"1024\" height=\"681\" data-id=\"576\" src=\"https:\/\/pontecaldelas.gal\/wp-content\/uploads\/2023\/01\/Vistas-Area-Arqueoloxica.-Mesa-Paisaxe-Nabal-Martino-1024x681.jpg\" alt=\"\" class=\"wp-image-576\" srcset=\"https:\/\/pontecaldelas.gal\/wp-content\/uploads\/2023\/01\/Vistas-Area-Arqueoloxica.-Mesa-Paisaxe-Nabal-Martino-1024x681.jpg 1024w, https:\/\/pontecaldelas.gal\/wp-content\/uploads\/2023\/01\/Vistas-Area-Arqueoloxica.-Mesa-Paisaxe-Nabal-Martino-300x200.jpg 300w, https:\/\/pontecaldelas.gal\/wp-content\/uploads\/2023\/01\/Vistas-Area-Arqueoloxica.-Mesa-Paisaxe-Nabal-Martino-768x511.jpg 768w, https:\/\/pontecaldelas.gal\/wp-content\/uploads\/2023\/01\/Vistas-Area-Arqueoloxica.-Mesa-Paisaxe-Nabal-Martino.jpg 1198w\" sizes=\"(max-width: 1024px) 100vw, 1024px\" \/><\/a><\/figure>\n\n\n\n<figure class=\"wp-block-image size-large\"><a href=\"https:\/\/pontecaldelas.gal\/wp-content\/uploads\/2023\/01\/Vistas-Area-Arqueoloxica-dende-Laxe-das-Cruces.jpg\"><img decoding=\"async\" width=\"1024\" height=\"681\" data-id=\"575\" src=\"https:\/\/pontecaldelas.gal\/wp-content\/uploads\/2023\/01\/Vistas-Area-Arqueoloxica-dende-Laxe-das-Cruces-1024x681.jpg\" alt=\"\" class=\"wp-image-575\" srcset=\"https:\/\/pontecaldelas.gal\/wp-content\/uploads\/2023\/01\/Vistas-Area-Arqueoloxica-dende-Laxe-das-Cruces-1024x681.jpg 1024w, https:\/\/pontecaldelas.gal\/wp-content\/uploads\/2023\/01\/Vistas-Area-Arqueoloxica-dende-Laxe-das-Cruces-300x200.jpg 300w, https:\/\/pontecaldelas.gal\/wp-content\/uploads\/2023\/01\/Vistas-Area-Arqueoloxica-dende-Laxe-das-Cruces-768x511.jpg 768w, https:\/\/pontecaldelas.gal\/wp-content\/uploads\/2023\/01\/Vistas-Area-Arqueoloxica-dende-Laxe-das-Cruces.jpg 1198w\" sizes=\"(max-width: 1024px) 100vw, 1024px\" \/><\/a><\/figure>\n\n\n\n<figure class=\"wp-block-image size-large\"><a href=\"https:\/\/pontecaldelas.gal\/wp-content\/uploads\/2023\/01\/Nabal-de-Martino.jpg\"><img loading=\"lazy\" decoding=\"async\" width=\"1024\" height=\"681\" data-id=\"574\" src=\"https:\/\/pontecaldelas.gal\/wp-content\/uploads\/2023\/01\/Nabal-de-Martino-1024x681.jpg\" alt=\"\" class=\"wp-image-574\" srcset=\"https:\/\/pontecaldelas.gal\/wp-content\/uploads\/2023\/01\/Nabal-de-Martino-1024x681.jpg 1024w, https:\/\/pontecaldelas.gal\/wp-content\/uploads\/2023\/01\/Nabal-de-Martino-300x200.jpg 300w, https:\/\/pontecaldelas.gal\/wp-content\/uploads\/2023\/01\/Nabal-de-Martino-768x511.jpg 768w, https:\/\/pontecaldelas.gal\/wp-content\/uploads\/2023\/01\/Nabal-de-Martino.jpg 1198w\" sizes=\"(max-width: 1024px) 100vw, 1024px\" \/><\/a><\/figure>\n\n\n\n<figure class=\"wp-block-image size-large\"><a href=\"https:\/\/pontecaldelas.gal\/wp-content\/uploads\/2023\/01\/Laxe-das-Cruces-7.-Detalle-combinacion-cirular.jpg\"><img loading=\"lazy\" decoding=\"async\" width=\"1024\" height=\"681\" data-id=\"573\" src=\"https:\/\/pontecaldelas.gal\/wp-content\/uploads\/2023\/01\/Laxe-das-Cruces-7.-Detalle-combinacion-cirular-1024x681.jpg\" alt=\"\" class=\"wp-image-573\" srcset=\"https:\/\/pontecaldelas.gal\/wp-content\/uploads\/2023\/01\/Laxe-das-Cruces-7.-Detalle-combinacion-cirular-1024x681.jpg 1024w, https:\/\/pontecaldelas.gal\/wp-content\/uploads\/2023\/01\/Laxe-das-Cruces-7.-Detalle-combinacion-cirular-300x200.jpg 300w, https:\/\/pontecaldelas.gal\/wp-content\/uploads\/2023\/01\/Laxe-das-Cruces-7.-Detalle-combinacion-cirular-768x511.jpg 768w, https:\/\/pontecaldelas.gal\/wp-content\/uploads\/2023\/01\/Laxe-das-Cruces-7.-Detalle-combinacion-cirular.jpg 1198w\" sizes=\"(max-width: 1024px) 100vw, 1024px\" \/><\/a><\/figure>\n\n\n\n<figure class=\"wp-block-image size-large\"><a href=\"https:\/\/pontecaldelas.gal\/wp-content\/uploads\/2023\/01\/Laxe-das-Cruces-6.-Detalle-Cervo-1.jpg\"><img loading=\"lazy\" decoding=\"async\" width=\"1024\" height=\"681\" data-id=\"572\" src=\"https:\/\/pontecaldelas.gal\/wp-content\/uploads\/2023\/01\/Laxe-das-Cruces-6.-Detalle-Cervo-1-1024x681.jpg\" alt=\"\" class=\"wp-image-572\" srcset=\"https:\/\/pontecaldelas.gal\/wp-content\/uploads\/2023\/01\/Laxe-das-Cruces-6.-Detalle-Cervo-1-1024x681.jpg 1024w, https:\/\/pontecaldelas.gal\/wp-content\/uploads\/2023\/01\/Laxe-das-Cruces-6.-Detalle-Cervo-1-300x200.jpg 300w, https:\/\/pontecaldelas.gal\/wp-content\/uploads\/2023\/01\/Laxe-das-Cruces-6.-Detalle-Cervo-1-768x511.jpg 768w, https:\/\/pontecaldelas.gal\/wp-content\/uploads\/2023\/01\/Laxe-das-Cruces-6.-Detalle-Cervo-1.jpg 1198w\" sizes=\"(max-width: 1024px) 100vw, 1024px\" \/><\/a><\/figure>\n\n\n\n<figure class=\"wp-block-image size-large\"><a href=\"https:\/\/pontecaldelas.gal\/wp-content\/uploads\/2023\/01\/Laxe-das-Cruces-5.-Detalle-Cervo.jpg\"><img loading=\"lazy\" decoding=\"async\" width=\"1024\" height=\"681\" data-id=\"571\" src=\"https:\/\/pontecaldelas.gal\/wp-content\/uploads\/2023\/01\/Laxe-das-Cruces-5.-Detalle-Cervo-1024x681.jpg\" alt=\"\" class=\"wp-image-571\" srcset=\"https:\/\/pontecaldelas.gal\/wp-content\/uploads\/2023\/01\/Laxe-das-Cruces-5.-Detalle-Cervo-1024x681.jpg 1024w, https:\/\/pontecaldelas.gal\/wp-content\/uploads\/2023\/01\/Laxe-das-Cruces-5.-Detalle-Cervo-300x200.jpg 300w, https:\/\/pontecaldelas.gal\/wp-content\/uploads\/2023\/01\/Laxe-das-Cruces-5.-Detalle-Cervo-768x511.jpg 768w, https:\/\/pontecaldelas.gal\/wp-content\/uploads\/2023\/01\/Laxe-das-Cruces-5.-Detalle-Cervo.jpg 1198w\" sizes=\"(max-width: 1024px) 100vw, 1024px\" \/><\/a><\/figure>\n\n\n\n<figure class=\"wp-block-image size-large\"><a href=\"https:\/\/pontecaldelas.gal\/wp-content\/uploads\/2023\/01\/Laxe-das-Cruces-4.-Vistas.jpg\"><img loading=\"lazy\" decoding=\"async\" width=\"1024\" height=\"681\" data-id=\"570\" src=\"https:\/\/pontecaldelas.gal\/wp-content\/uploads\/2023\/01\/Laxe-das-Cruces-4.-Vistas-1024x681.jpg\" alt=\"\" class=\"wp-image-570\" srcset=\"https:\/\/pontecaldelas.gal\/wp-content\/uploads\/2023\/01\/Laxe-das-Cruces-4.-Vistas-1024x681.jpg 1024w, https:\/\/pontecaldelas.gal\/wp-content\/uploads\/2023\/01\/Laxe-das-Cruces-4.-Vistas-300x200.jpg 300w, https:\/\/pontecaldelas.gal\/wp-content\/uploads\/2023\/01\/Laxe-das-Cruces-4.-Vistas-768x511.jpg 768w, https:\/\/pontecaldelas.gal\/wp-content\/uploads\/2023\/01\/Laxe-das-Cruces-4.-Vistas.jpg 1198w\" sizes=\"(max-width: 1024px) 100vw, 1024px\" \/><\/a><\/figure>\n\n\n\n<figure class=\"wp-block-image size-large\"><a href=\"https:\/\/pontecaldelas.gal\/wp-content\/uploads\/2023\/01\/Laxe-das-Cruces-3.-Detalle-Cervo.jpg\"><img loading=\"lazy\" decoding=\"async\" width=\"681\" height=\"1024\" data-id=\"569\" src=\"https:\/\/pontecaldelas.gal\/wp-content\/uploads\/2023\/01\/Laxe-das-Cruces-3.-Detalle-Cervo-681x1024.jpg\" alt=\"\" class=\"wp-image-569\" srcset=\"https:\/\/pontecaldelas.gal\/wp-content\/uploads\/2023\/01\/Laxe-das-Cruces-3.-Detalle-Cervo-681x1024.jpg 681w, https:\/\/pontecaldelas.gal\/wp-content\/uploads\/2023\/01\/Laxe-das-Cruces-3.-Detalle-Cervo-200x300.jpg 200w, https:\/\/pontecaldelas.gal\/wp-content\/uploads\/2023\/01\/Laxe-das-Cruces-3.-Detalle-Cervo-768x1154.jpg 768w, https:\/\/pontecaldelas.gal\/wp-content\/uploads\/2023\/01\/Laxe-das-Cruces-3.-Detalle-Cervo.jpg 797w\" sizes=\"(max-width: 681px) 100vw, 681px\" \/><\/a><\/figure>\n\n\n\n<figure class=\"wp-block-image size-large\"><a href=\"https:\/\/pontecaldelas.gal\/wp-content\/uploads\/2023\/01\/Laxe-das-Cruces-2.-Detalle.jpg\"><img loading=\"lazy\" decoding=\"async\" width=\"1024\" height=\"681\" data-id=\"568\" src=\"https:\/\/pontecaldelas.gal\/wp-content\/uploads\/2023\/01\/Laxe-das-Cruces-2.-Detalle-1024x681.jpg\" alt=\"\" class=\"wp-image-568\" srcset=\"https:\/\/pontecaldelas.gal\/wp-content\/uploads\/2023\/01\/Laxe-das-Cruces-2.-Detalle-1024x681.jpg 1024w, https:\/\/pontecaldelas.gal\/wp-content\/uploads\/2023\/01\/Laxe-das-Cruces-2.-Detalle-300x200.jpg 300w, https:\/\/pontecaldelas.gal\/wp-content\/uploads\/2023\/01\/Laxe-das-Cruces-2.-Detalle-768x511.jpg 768w, https:\/\/pontecaldelas.gal\/wp-content\/uploads\/2023\/01\/Laxe-das-Cruces-2.-Detalle.jpg 1198w\" sizes=\"(max-width: 1024px) 100vw, 1024px\" \/><\/a><\/figure>\n\n\n\n<figure class=\"wp-block-image size-large\"><a href=\"https:\/\/pontecaldelas.gal\/wp-content\/uploads\/2023\/01\/Laxe-das-Cruces-1.-Panoramica.jpg\"><img loading=\"lazy\" decoding=\"async\" width=\"1024\" height=\"681\" data-id=\"567\" src=\"https:\/\/pontecaldelas.gal\/wp-content\/uploads\/2023\/01\/Laxe-das-Cruces-1.-Panoramica-1024x681.jpg\" alt=\"\" class=\"wp-image-567\" srcset=\"https:\/\/pontecaldelas.gal\/wp-content\/uploads\/2023\/01\/Laxe-das-Cruces-1.-Panoramica-1024x681.jpg 1024w, https:\/\/pontecaldelas.gal\/wp-content\/uploads\/2023\/01\/Laxe-das-Cruces-1.-Panoramica-300x200.jpg 300w, https:\/\/pontecaldelas.gal\/wp-content\/uploads\/2023\/01\/Laxe-das-Cruces-1.-Panoramica-768x511.jpg 768w, https:\/\/pontecaldelas.gal\/wp-content\/uploads\/2023\/01\/Laxe-das-Cruces-1.-Panoramica.jpg 1198w\" sizes=\"(max-width: 1024px) 100vw, 1024px\" \/><\/a><\/figure>\n\n\n\n<figure class=\"wp-block-image size-large\"><a href=\"https:\/\/pontecaldelas.gal\/wp-content\/uploads\/2023\/01\/Interior-Centro-Arqueoloxico.jpg\"><img loading=\"lazy\" decoding=\"async\" width=\"874\" height=\"581\" data-id=\"566\" src=\"https:\/\/pontecaldelas.gal\/wp-content\/uploads\/2023\/01\/Interior-Centro-Arqueoloxico.jpg\" alt=\"\" class=\"wp-image-566\" srcset=\"https:\/\/pontecaldelas.gal\/wp-content\/uploads\/2023\/01\/Interior-Centro-Arqueoloxico.jpg 874w, https:\/\/pontecaldelas.gal\/wp-content\/uploads\/2023\/01\/Interior-Centro-Arqueoloxico-300x199.jpg 300w, https:\/\/pontecaldelas.gal\/wp-content\/uploads\/2023\/01\/Interior-Centro-Arqueoloxico-768x511.jpg 768w\" sizes=\"(max-width: 874px) 100vw, 874px\" \/><\/a><\/figure>\n\n\n\n<figure class=\"wp-block-image size-large\"><a href=\"https:\/\/pontecaldelas.gal\/wp-content\/uploads\/2023\/01\/Interior-Centro-Arqueoloxico-3.jpg\"><img loading=\"lazy\" decoding=\"async\" width=\"874\" height=\"581\" data-id=\"565\" src=\"https:\/\/pontecaldelas.gal\/wp-content\/uploads\/2023\/01\/Interior-Centro-Arqueoloxico-3.jpg\" alt=\"\" class=\"wp-image-565\" srcset=\"https:\/\/pontecaldelas.gal\/wp-content\/uploads\/2023\/01\/Interior-Centro-Arqueoloxico-3.jpg 874w, https:\/\/pontecaldelas.gal\/wp-content\/uploads\/2023\/01\/Interior-Centro-Arqueoloxico-3-300x199.jpg 300w, https:\/\/pontecaldelas.gal\/wp-content\/uploads\/2023\/01\/Interior-Centro-Arqueoloxico-3-768x511.jpg 768w\" sizes=\"(max-width: 874px) 100vw, 874px\" \/><\/a><\/figure>\n\n\n\n<figure class=\"wp-block-image size-large\"><a href=\"https:\/\/pontecaldelas.gal\/wp-content\/uploads\/2023\/01\/Interior-Centro-Arqueoloxico-2.jpg\"><img loading=\"lazy\" decoding=\"async\" width=\"874\" height=\"581\" data-id=\"564\" src=\"https:\/\/pontecaldelas.gal\/wp-content\/uploads\/2023\/01\/Interior-Centro-Arqueoloxico-2.jpg\" alt=\"\" class=\"wp-image-564\" srcset=\"https:\/\/pontecaldelas.gal\/wp-content\/uploads\/2023\/01\/Interior-Centro-Arqueoloxico-2.jpg 874w, https:\/\/pontecaldelas.gal\/wp-content\/uploads\/2023\/01\/Interior-Centro-Arqueoloxico-2-300x199.jpg 300w, https:\/\/pontecaldelas.gal\/wp-content\/uploads\/2023\/01\/Interior-Centro-Arqueoloxico-2-768x511.jpg 768w\" sizes=\"(max-width: 874px) 100vw, 874px\" \/><\/a><\/figure>\n\n\n\n<figure class=\"wp-block-image size-large\"><a href=\"https:\/\/pontecaldelas.gal\/wp-content\/uploads\/2023\/01\/Interior-Centro-Arqueoloxico-1.jpg\"><img loading=\"lazy\" decoding=\"async\" width=\"874\" height=\"581\" data-id=\"563\" src=\"https:\/\/pontecaldelas.gal\/wp-content\/uploads\/2023\/01\/Interior-Centro-Arqueoloxico-1.jpg\" alt=\"\" class=\"wp-image-563\" srcset=\"https:\/\/pontecaldelas.gal\/wp-content\/uploads\/2023\/01\/Interior-Centro-Arqueoloxico-1.jpg 874w, https:\/\/pontecaldelas.gal\/wp-content\/uploads\/2023\/01\/Interior-Centro-Arqueoloxico-1-300x199.jpg 300w, https:\/\/pontecaldelas.gal\/wp-content\/uploads\/2023\/01\/Interior-Centro-Arqueoloxico-1-768x511.jpg 768w\" sizes=\"(max-width: 874px) 100vw, 874px\" \/><\/a><\/figure>\n\n\n\n<figure class=\"wp-block-image size-large\"><a href=\"https:\/\/pontecaldelas.gal\/wp-content\/uploads\/2023\/01\/Exterior-Centro-Arqueoloxico.jpg\"><img loading=\"lazy\" decoding=\"async\" width=\"874\" height=\"581\" data-id=\"562\" src=\"https:\/\/pontecaldelas.gal\/wp-content\/uploads\/2023\/01\/Exterior-Centro-Arqueoloxico.jpg\" alt=\"\" class=\"wp-image-562\" srcset=\"https:\/\/pontecaldelas.gal\/wp-content\/uploads\/2023\/01\/Exterior-Centro-Arqueoloxico.jpg 874w, https:\/\/pontecaldelas.gal\/wp-content\/uploads\/2023\/01\/Exterior-Centro-Arqueoloxico-300x199.jpg 300w, https:\/\/pontecaldelas.gal\/wp-content\/uploads\/2023\/01\/Exterior-Centro-Arqueoloxico-768x511.jpg 768w\" sizes=\"(max-width: 874px) 100vw, 874px\" \/><\/a><\/figure>\n\n\n\n<figure class=\"wp-block-image size-large\"><a href=\"https:\/\/pontecaldelas.gal\/wp-content\/uploads\/2023\/01\/Exterior-Centro-Arqueoloxico-2.jpg\"><img loading=\"lazy\" decoding=\"async\" width=\"874\" height=\"581\" data-id=\"561\" src=\"https:\/\/pontecaldelas.gal\/wp-content\/uploads\/2023\/01\/Exterior-Centro-Arqueoloxico-2.jpg\" alt=\"\" class=\"wp-image-561\" srcset=\"https:\/\/pontecaldelas.gal\/wp-content\/uploads\/2023\/01\/Exterior-Centro-Arqueoloxico-2.jpg 874w, https:\/\/pontecaldelas.gal\/wp-content\/uploads\/2023\/01\/Exterior-Centro-Arqueoloxico-2-300x199.jpg 300w, https:\/\/pontecaldelas.gal\/wp-content\/uploads\/2023\/01\/Exterior-Centro-Arqueoloxico-2-768x511.jpg 768w\" sizes=\"(max-width: 874px) 100vw, 874px\" \/><\/a><\/figure>\n\n\n\n<figure class=\"wp-block-image size-large\"><a href=\"https:\/\/pontecaldelas.gal\/wp-content\/uploads\/2023\/01\/Exterior-Centro-Arqueoloxico-1.jpg\"><img loading=\"lazy\" decoding=\"async\" width=\"874\" height=\"581\" data-id=\"560\" src=\"https:\/\/pontecaldelas.gal\/wp-content\/uploads\/2023\/01\/Exterior-Centro-Arqueoloxico-1.jpg\" alt=\"\" class=\"wp-image-560\" srcset=\"https:\/\/pontecaldelas.gal\/wp-content\/uploads\/2023\/01\/Exterior-Centro-Arqueoloxico-1.jpg 874w, https:\/\/pontecaldelas.gal\/wp-content\/uploads\/2023\/01\/Exterior-Centro-Arqueoloxico-1-300x199.jpg 300w, https:\/\/pontecaldelas.gal\/wp-content\/uploads\/2023\/01\/Exterior-Centro-Arqueoloxico-1-768x511.jpg 768w\" sizes=\"(max-width: 874px) 100vw, 874px\" \/><\/a><\/figure>\n\n\n\n<figure class=\"wp-block-image size-large\"><a href=\"https:\/\/pontecaldelas.gal\/wp-content\/uploads\/2023\/01\/Coto-de-Siribela.-Vistas.jpg\"><img loading=\"lazy\" decoding=\"async\" width=\"1024\" height=\"681\" data-id=\"559\" src=\"https:\/\/pontecaldelas.gal\/wp-content\/uploads\/2023\/01\/Coto-de-Siribela.-Vistas-1024x681.jpg\" alt=\"\" class=\"wp-image-559\" srcset=\"https:\/\/pontecaldelas.gal\/wp-content\/uploads\/2023\/01\/Coto-de-Siribela.-Vistas-1024x681.jpg 1024w, https:\/\/pontecaldelas.gal\/wp-content\/uploads\/2023\/01\/Coto-de-Siribela.-Vistas-300x200.jpg 300w, https:\/\/pontecaldelas.gal\/wp-content\/uploads\/2023\/01\/Coto-de-Siribela.-Vistas-768x511.jpg 768w, https:\/\/pontecaldelas.gal\/wp-content\/uploads\/2023\/01\/Coto-de-Siribela.-Vistas.jpg 1198w\" sizes=\"(max-width: 1024px) 100vw, 1024px\" \/><\/a><\/figure>\n\n\n\n<figure class=\"wp-block-image size-large\"><a href=\"https:\/\/pontecaldelas.gal\/wp-content\/uploads\/2023\/01\/Coto-de-Siribela.-Escena-Equitacion.jpg\"><img loading=\"lazy\" decoding=\"async\" width=\"1024\" height=\"681\" data-id=\"558\" src=\"https:\/\/pontecaldelas.gal\/wp-content\/uploads\/2023\/01\/Coto-de-Siribela.-Escena-Equitacion-1024x681.jpg\" alt=\"\" class=\"wp-image-558\" srcset=\"https:\/\/pontecaldelas.gal\/wp-content\/uploads\/2023\/01\/Coto-de-Siribela.-Escena-Equitacion-1024x681.jpg 1024w, https:\/\/pontecaldelas.gal\/wp-content\/uploads\/2023\/01\/Coto-de-Siribela.-Escena-Equitacion-300x200.jpg 300w, https:\/\/pontecaldelas.gal\/wp-content\/uploads\/2023\/01\/Coto-de-Siribela.-Escena-Equitacion-768x511.jpg 768w, https:\/\/pontecaldelas.gal\/wp-content\/uploads\/2023\/01\/Coto-de-Siribela.-Escena-Equitacion.jpg 1198w\" sizes=\"(max-width: 1024px) 100vw, 1024px\" \/><\/a><\/figure>\n\n\n\n<figure class=\"wp-block-image size-large\"><a href=\"https:\/\/pontecaldelas.gal\/wp-content\/uploads\/2023\/01\/Coto-das-Sombrinas.jpg\"><img loading=\"lazy\" decoding=\"async\" width=\"1024\" height=\"681\" data-id=\"557\" src=\"https:\/\/pontecaldelas.gal\/wp-content\/uploads\/2023\/01\/Coto-das-Sombrinas-1024x681.jpg\" alt=\"\" class=\"wp-image-557\" srcset=\"https:\/\/pontecaldelas.gal\/wp-content\/uploads\/2023\/01\/Coto-das-Sombrinas-1024x681.jpg 1024w, https:\/\/pontecaldelas.gal\/wp-content\/uploads\/2023\/01\/Coto-das-Sombrinas-300x200.jpg 300w, https:\/\/pontecaldelas.gal\/wp-content\/uploads\/2023\/01\/Coto-das-Sombrinas-768x511.jpg 768w, https:\/\/pontecaldelas.gal\/wp-content\/uploads\/2023\/01\/Coto-das-Sombrinas.jpg 1198w\" sizes=\"(max-width: 1024px) 100vw, 1024px\" \/><\/a><\/figure>\n\n\n\n<figure class=\"wp-block-image size-large\"><a href=\"https:\/\/pontecaldelas.gal\/wp-content\/uploads\/2023\/01\/Coto-das-Sombrinas-2.-Escea-Banderilleiro.jpg\"><img loading=\"lazy\" decoding=\"async\" width=\"1024\" height=\"681\" data-id=\"556\" src=\"https:\/\/pontecaldelas.gal\/wp-content\/uploads\/2023\/01\/Coto-das-Sombrinas-2.-Escea-Banderilleiro-1024x681.jpg\" alt=\"\" class=\"wp-image-556\" srcset=\"https:\/\/pontecaldelas.gal\/wp-content\/uploads\/2023\/01\/Coto-das-Sombrinas-2.-Escea-Banderilleiro-1024x681.jpg 1024w, https:\/\/pontecaldelas.gal\/wp-content\/uploads\/2023\/01\/Coto-das-Sombrinas-2.-Escea-Banderilleiro-300x200.jpg 300w, https:\/\/pontecaldelas.gal\/wp-content\/uploads\/2023\/01\/Coto-das-Sombrinas-2.-Escea-Banderilleiro-768x511.jpg 768w, https:\/\/pontecaldelas.gal\/wp-content\/uploads\/2023\/01\/Coto-das-Sombrinas-2.-Escea-Banderilleiro.jpg 1198w\" sizes=\"(max-width: 1024px) 100vw, 1024px\" \/><\/a><\/figure>\n\n\n\n<figure class=\"wp-block-image size-large\"><a href=\"https:\/\/pontecaldelas.gal\/wp-content\/uploads\/2023\/01\/Coto-das-Sombrinas-1.jpg\"><img loading=\"lazy\" decoding=\"async\" width=\"1024\" height=\"681\" data-id=\"555\" src=\"https:\/\/pontecaldelas.gal\/wp-content\/uploads\/2023\/01\/Coto-das-Sombrinas-1-1024x681.jpg\" alt=\"\" class=\"wp-image-555\" srcset=\"https:\/\/pontecaldelas.gal\/wp-content\/uploads\/2023\/01\/Coto-das-Sombrinas-1-1024x681.jpg 1024w, https:\/\/pontecaldelas.gal\/wp-content\/uploads\/2023\/01\/Coto-das-Sombrinas-1-300x200.jpg 300w, https:\/\/pontecaldelas.gal\/wp-content\/uploads\/2023\/01\/Coto-das-Sombrinas-1-768x511.jpg 768w, https:\/\/pontecaldelas.gal\/wp-content\/uploads\/2023\/01\/Coto-das-Sombrinas-1.jpg 1198w\" sizes=\"(max-width: 1024px) 100vw, 1024px\" \/><\/a><\/figure>\n<\/figure>","protected":false},"excerpt":{"rendered":"<p>COORDENADAS GWS 42\u00ba 24\u00b4 19.95\u00b4\u00b4 N08\u00ba 31\u00b4 31.16\u00b4\u00b4 O XY 539.146.77m X4.694.844.90m Y INFORMACI\u00d3N Tel\u00e9fono: 986 76 72 35Correo: touron@pontecaldelas.gal GALER\u00cdA<\/p>","protected":false},"author":1,"featured_media":0,"parent":0,"menu_order":0,"comment_status":"closed","ping_status":"closed","template":"","meta":{"_uag_custom_page_level_css":"","footnotes":""},"class_list":["post-539","page","type-page","status-publish","hentry"],"yoast_head":"<!-- This site is optimized with the Yoast SEO plugin v27.3 - https:\/\/yoast.com\/product\/yoast-seo-wordpress\/ -->\n<title>\u00c1rea Arqueol\u00f3gica de Tour\u00f3n - Concello de Ponte Caldelas<\/title>\n<meta name=\"robots\" content=\"index, follow, max-snippet:-1, max-image-preview:large, max-video-preview:-1\" \/>\n<link rel=\"canonical\" href=\"https:\/\/pontecaldelas.gal\/gl\/area-arqueologica-de-touron\/\" \/>\n<meta property=\"og:locale\" content=\"gl_ES\" \/>\n<meta property=\"og:type\" content=\"article\" \/>\n<meta property=\"og:title\" content=\"\u00c1rea Arqueol\u00f3gica de Tour\u00f3n - Concello de Ponte Caldelas\" \/>\n<meta property=\"og:description\" content=\"COORDENADAS GWS 42\u00ba 24\u00b4 19.95\u00b4\u00b4 N08\u00ba 31\u00b4 31.16\u00b4\u00b4 O XY 539.146.77m X4.694.844.90m Y INFORMACI\u00d3N Tel\u00e9fono: 986 76 72 35Correo: touron@pontecaldelas.gal GALER\u00cdA\" \/>\n<meta property=\"og:url\" content=\"https:\/\/pontecaldelas.gal\/gl\/area-arqueologica-de-touron\/\" \/>\n<meta property=\"og:site_name\" content=\"Concello de Ponte Caldelas\" \/>\n<meta property=\"article:publisher\" content=\"https:\/\/www.facebook.com\/turismo.enpontecaldelas\" \/>\n<meta property=\"article:modified_time\" content=\"2023-01-19T08:59:02+00:00\" \/>\n<meta property=\"og:image\" content=\"https:\/\/pontecaldelas.gal\/wp-content\/uploads\/2023\/01\/mapa.png\" \/>\n<meta name=\"twitter:card\" content=\"summary_large_image\" \/>\n<meta name=\"twitter:site\" content=\"@Turpontcaldelas\" \/>\n<script type=\"application\/ld+json\" class=\"yoast-schema-graph\">{\"@context\":\"https:\\\/\\\/schema.org\",\"@graph\":[{\"@type\":\"WebPage\",\"@id\":\"https:\\\/\\\/pontecaldelas.gal\\\/area-arqueologica-de-touron\\\/\",\"url\":\"https:\\\/\\\/pontecaldelas.gal\\\/area-arqueologica-de-touron\\\/\",\"name\":\"\u00c1rea Arqueol\u00f3gica de Tour\u00f3n - Concello de Ponte Caldelas\",\"isPartOf\":{\"@id\":\"https:\\\/\\\/pontecaldelas.gal\\\/gl\\\/#website\"},\"primaryImageOfPage\":{\"@id\":\"https:\\\/\\\/pontecaldelas.gal\\\/area-arqueologica-de-touron\\\/#primaryimage\"},\"image\":{\"@id\":\"https:\\\/\\\/pontecaldelas.gal\\\/area-arqueologica-de-touron\\\/#primaryimage\"},\"thumbnailUrl\":\"https:\\\/\\\/pontecaldelas.gal\\\/wp-content\\\/uploads\\\/2023\\\/01\\\/mapa.png\",\"datePublished\":\"2023-01-19T08:08:31+00:00\",\"dateModified\":\"2023-01-19T08:59:02+00:00\",\"breadcrumb\":{\"@id\":\"https:\\\/\\\/pontecaldelas.gal\\\/area-arqueologica-de-touron\\\/#breadcrumb\"},\"inLanguage\":\"gl-ES\",\"potentialAction\":[{\"@type\":\"ReadAction\",\"target\":[\"https:\\\/\\\/pontecaldelas.gal\\\/area-arqueologica-de-touron\\\/\"]}]},{\"@type\":\"ImageObject\",\"inLanguage\":\"gl-ES\",\"@id\":\"https:\\\/\\\/pontecaldelas.gal\\\/area-arqueologica-de-touron\\\/#primaryimage\",\"url\":\"https:\\\/\\\/pontecaldelas.gal\\\/wp-content\\\/uploads\\\/2023\\\/01\\\/mapa.png\",\"contentUrl\":\"https:\\\/\\\/pontecaldelas.gal\\\/wp-content\\\/uploads\\\/2023\\\/01\\\/mapa.png\"},{\"@type\":\"BreadcrumbList\",\"@id\":\"https:\\\/\\\/pontecaldelas.gal\\\/area-arqueologica-de-touron\\\/#breadcrumb\",\"itemListElement\":[{\"@type\":\"ListItem\",\"position\":1,\"name\":\"Portada\",\"item\":\"https:\\\/\\\/pontecaldelas.gal\\\/\"},{\"@type\":\"ListItem\",\"position\":2,\"name\":\"\u00c1rea Arqueol\u00f3gica de Tour\u00f3n\"}]},{\"@type\":\"WebSite\",\"@id\":\"https:\\\/\\\/pontecaldelas.gal\\\/gl\\\/#website\",\"url\":\"https:\\\/\\\/pontecaldelas.gal\\\/gl\\\/\",\"name\":\"Concello de Ponte Caldelas\",\"description\":\"\",\"publisher\":{\"@id\":\"https:\\\/\\\/pontecaldelas.gal\\\/gl\\\/#organization\"},\"potentialAction\":[{\"@type\":\"SearchAction\",\"target\":{\"@type\":\"EntryPoint\",\"urlTemplate\":\"https:\\\/\\\/pontecaldelas.gal\\\/gl\\\/?s={search_term_string}\"},\"query-input\":{\"@type\":\"PropertyValueSpecification\",\"valueRequired\":true,\"valueName\":\"search_term_string\"}}],\"inLanguage\":\"gl-ES\"},{\"@type\":\"Organization\",\"@id\":\"https:\\\/\\\/pontecaldelas.gal\\\/gl\\\/#organization\",\"name\":\"Concello de Ponte Caldelas\",\"url\":\"https:\\\/\\\/pontecaldelas.gal\\\/gl\\\/\",\"logo\":{\"@type\":\"ImageObject\",\"inLanguage\":\"gl-ES\",\"@id\":\"https:\\\/\\\/pontecaldelas.gal\\\/gl\\\/#\\\/schema\\\/logo\\\/image\\\/\",\"url\":\"https:\\\/\\\/pontecaldelas.gal\\\/wp-content\\\/uploads\\\/2022\\\/12\\\/logo_PONTE_CALDELAS.png\",\"contentUrl\":\"https:\\\/\\\/pontecaldelas.gal\\\/wp-content\\\/uploads\\\/2022\\\/12\\\/logo_PONTE_CALDELAS.png\",\"width\":381,\"height\":125,\"caption\":\"Concello de Ponte Caldelas\"},\"image\":{\"@id\":\"https:\\\/\\\/pontecaldelas.gal\\\/gl\\\/#\\\/schema\\\/logo\\\/image\\\/\"},\"sameAs\":[\"https:\\\/\\\/www.facebook.com\\\/turismo.enpontecaldelas\",\"https:\\\/\\\/x.com\\\/Turpontcaldelas\"]}]}<\/script>\n<!-- \/ Yoast SEO plugin. -->","yoast_head_json":{"title":"\u00c1rea Arqueol\u00f3gica de Tour\u00f3n - Concello de Ponte Caldelas","robots":{"index":"index","follow":"follow","max-snippet":"max-snippet:-1","max-image-preview":"max-image-preview:large","max-video-preview":"max-video-preview:-1"},"canonical":"https:\/\/pontecaldelas.gal\/gl\/area-arqueologica-de-touron\/","og_locale":"gl_ES","og_type":"article","og_title":"\u00c1rea Arqueol\u00f3gica de Tour\u00f3n - Concello de Ponte Caldelas","og_description":"COORDENADAS GWS 42\u00ba 24\u00b4 19.95\u00b4\u00b4 N08\u00ba 31\u00b4 31.16\u00b4\u00b4 O XY 539.146.77m X4.694.844.90m Y INFORMACI\u00d3N Tel\u00e9fono: 986 76 72 35Correo: touron@pontecaldelas.gal GALER\u00cdA","og_url":"https:\/\/pontecaldelas.gal\/gl\/area-arqueologica-de-touron\/","og_site_name":"Concello de Ponte Caldelas","article_publisher":"https:\/\/www.facebook.com\/turismo.enpontecaldelas","article_modified_time":"2023-01-19T08:59:02+00:00","og_image":[{"url":"https:\/\/pontecaldelas.gal\/wp-content\/uploads\/2023\/01\/mapa.png","type":"","width":"","height":""}],"twitter_card":"summary_large_image","twitter_site":"@Turpontcaldelas","schema":{"@context":"https:\/\/schema.org","@graph":[{"@type":"WebPage","@id":"https:\/\/pontecaldelas.gal\/area-arqueologica-de-touron\/","url":"https:\/\/pontecaldelas.gal\/area-arqueologica-de-touron\/","name":"\u00c1rea Arqueol\u00f3gica de Tour\u00f3n - Concello de Ponte Caldelas","isPartOf":{"@id":"https:\/\/pontecaldelas.gal\/gl\/#website"},"primaryImageOfPage":{"@id":"https:\/\/pontecaldelas.gal\/area-arqueologica-de-touron\/#primaryimage"},"image":{"@id":"https:\/\/pontecaldelas.gal\/area-arqueologica-de-touron\/#primaryimage"},"thumbnailUrl":"https:\/\/pontecaldelas.gal\/wp-content\/uploads\/2023\/01\/mapa.png","datePublished":"2023-01-19T08:08:31+00:00","dateModified":"2023-01-19T08:59:02+00:00","breadcrumb":{"@id":"https:\/\/pontecaldelas.gal\/area-arqueologica-de-touron\/#breadcrumb"},"inLanguage":"gl-ES","potentialAction":[{"@type":"ReadAction","target":["https:\/\/pontecaldelas.gal\/area-arqueologica-de-touron\/"]}]},{"@type":"ImageObject","inLanguage":"gl-ES","@id":"https:\/\/pontecaldelas.gal\/area-arqueologica-de-touron\/#primaryimage","url":"https:\/\/pontecaldelas.gal\/wp-content\/uploads\/2023\/01\/mapa.png","contentUrl":"https:\/\/pontecaldelas.gal\/wp-content\/uploads\/2023\/01\/mapa.png"},{"@type":"BreadcrumbList","@id":"https:\/\/pontecaldelas.gal\/area-arqueologica-de-touron\/#breadcrumb","itemListElement":[{"@type":"ListItem","position":1,"name":"Portada","item":"https:\/\/pontecaldelas.gal\/"},{"@type":"ListItem","position":2,"name":"\u00c1rea Arqueol\u00f3gica de Tour\u00f3n"}]},{"@type":"WebSite","@id":"https:\/\/pontecaldelas.gal\/gl\/#website","url":"https:\/\/pontecaldelas.gal\/gl\/","name":"Concello de Ponte Caldelas","description":"","publisher":{"@id":"https:\/\/pontecaldelas.gal\/gl\/#organization"},"potentialAction":[{"@type":"SearchAction","target":{"@type":"EntryPoint","urlTemplate":"https:\/\/pontecaldelas.gal\/gl\/?s={search_term_string}"},"query-input":{"@type":"PropertyValueSpecification","valueRequired":true,"valueName":"search_term_string"}}],"inLanguage":"gl-ES"},{"@type":"Organization","@id":"https:\/\/pontecaldelas.gal\/gl\/#organization","name":"Concello de Ponte Caldelas","url":"https:\/\/pontecaldelas.gal\/gl\/","logo":{"@type":"ImageObject","inLanguage":"gl-ES","@id":"https:\/\/pontecaldelas.gal\/gl\/#\/schema\/logo\/image\/","url":"https:\/\/pontecaldelas.gal\/wp-content\/uploads\/2022\/12\/logo_PONTE_CALDELAS.png","contentUrl":"https:\/\/pontecaldelas.gal\/wp-content\/uploads\/2022\/12\/logo_PONTE_CALDELAS.png","width":381,"height":125,"caption":"Concello de Ponte Caldelas"},"image":{"@id":"https:\/\/pontecaldelas.gal\/gl\/#\/schema\/logo\/image\/"},"sameAs":["https:\/\/www.facebook.com\/turismo.enpontecaldelas","https:\/\/x.com\/Turpontcaldelas"]}]}},"uagb_featured_image_src":{"full":false,"thumbnail":false,"medium":false,"medium_large":false,"large":false,"1536x1536":false,"2048x2048":false,"trp-custom-language-flag":false},"uagb_author_info":{"display_name":"adminPC","author_link":"https:\/\/pontecaldelas.gal\/gl\/author\/adminpc\/"},"uagb_comment_info":0,"uagb_excerpt":"COORDENADAS GWS 42\u00ba 24\u00b4 19.95\u00b4\u00b4 N08\u00ba 31\u00b4 31.16\u00b4\u00b4 O XY 539.146.77m X4.694.844.90m Y INFORMACI\u00d3N Tel\u00e9fono: 986 76 72 35Correo: touron@pontecaldelas.gal GALER\u00cdA","_links":{"self":[{"href":"https:\/\/pontecaldelas.gal\/gl\/wp-json\/wp\/v2\/pages\/539","targetHints":{"allow":["GET"]}}],"collection":[{"href":"https:\/\/pontecaldelas.gal\/gl\/wp-json\/wp\/v2\/pages"}],"about":[{"href":"https:\/\/pontecaldelas.gal\/gl\/wp-json\/wp\/v2\/types\/page"}],"author":[{"embeddable":true,"href":"https:\/\/pontecaldelas.gal\/gl\/wp-json\/wp\/v2\/users\/1"}],"replies":[{"embeddable":true,"href":"https:\/\/pontecaldelas.gal\/gl\/wp-json\/wp\/v2\/comments?post=539"}],"version-history":[{"count":11,"href":"https:\/\/pontecaldelas.gal\/gl\/wp-json\/wp\/v2\/pages\/539\/revisions"}],"predecessor-version":[{"id":581,"href":"https:\/\/pontecaldelas.gal\/gl\/wp-json\/wp\/v2\/pages\/539\/revisions\/581"}],"wp:attachment":[{"href":"https:\/\/pontecaldelas.gal\/gl\/wp-json\/wp\/v2\/media?parent=539"}],"curies":[{"name":"wp","href":"https:\/\/api.w.org\/{rel}","templated":true}]}}