{"id":143,"date":"2022-12-05T15:13:41","date_gmt":"2022-12-05T15:13:41","guid":{"rendered":"https:\/\/pontecaldelas.gal\/?page_id=143"},"modified":"2023-01-18T11:20:30","modified_gmt":"2023-01-18T11:20:30","slug":"anceu-santo-andre","status":"publish","type":"page","link":"https:\/\/pontecaldelas.gal\/gl\/anceu-santo-andre\/","title":{"rendered":"ANCEU (Santo Andr\u00e9)"},"content":{"rendered":"\t\t<div data-elementor-type=\"wp-page\" data-elementor-id=\"143\" class=\"elementor elementor-143\" data-elementor-post-type=\"page\">\n\t\t\t\t\t\t<section class=\"elementor-section elementor-top-section elementor-element elementor-element-38f84ff elementor-section-boxed elementor-section-height-default elementor-section-height-default\" data-id=\"38f84ff\" data-element_type=\"section\">\n\t\t\t\t\t\t<div class=\"elementor-container elementor-column-gap-default\">\n\t\t\t\t\t<div class=\"elementor-column elementor-col-66 elementor-top-column elementor-element elementor-element-04af7e6\" data-id=\"04af7e6\" data-element_type=\"column\" data-settings=\"{&quot;background_background&quot;:&quot;classic&quot;}\">\n\t\t\t<div class=\"elementor-widget-wrap elementor-element-populated\">\n\t\t\t\t\t\t<div class=\"elementor-element elementor-element-a228b8e elementor-widget elementor-widget-heading\" data-id=\"a228b8e\" data-element_type=\"widget\" data-widget_type=\"heading.default\">\n\t\t\t\t<div class=\"elementor-widget-container\">\n\t\t\t<style>\/*! elementor - v3.19.0 - 28-02-2024 *\/\n.elementor-heading-title{padding:0;margin:0;line-height:1}.elementor-widget-heading .elementor-heading-title[class*=elementor-size-]>a{color:inherit;font-size:inherit;line-height:inherit}.elementor-widget-heading .elementor-heading-title.elementor-size-small{font-size:15px}.elementor-widget-heading .elementor-heading-title.elementor-size-medium{font-size:19px}.elementor-widget-heading .elementor-heading-title.elementor-size-large{font-size:29px}.elementor-widget-heading .elementor-heading-title.elementor-size-xl{font-size:39px}.elementor-widget-heading .elementor-heading-title.elementor-size-xxl{font-size:59px}<\/style><h2 class=\"elementor-heading-title elementor-size-default\">ANCEU (Santo Andr\u00e9)<\/h2>\t\t<\/div>\n\t\t\t\t<\/div>\n\t\t\t\t<section class=\"elementor-section elementor-inner-section elementor-element elementor-element-a232c6e elementor-section-boxed elementor-section-height-default elementor-section-height-default\" data-id=\"a232c6e\" data-element_type=\"section\">\n\t\t\t\t\t\t<div class=\"elementor-container elementor-column-gap-default\">\n\t\t\t\t\t<div class=\"elementor-column elementor-col-50 elementor-inner-column elementor-element elementor-element-54094a3\" data-id=\"54094a3\" data-element_type=\"column\">\n\t\t\t<div class=\"elementor-widget-wrap elementor-element-populated\">\n\t\t\t\t\t\t<div class=\"elementor-element elementor-element-28c1cf6 elementor-widget elementor-widget-text-editor\" data-id=\"28c1cf6\" data-element_type=\"widget\" data-widget_type=\"text-editor.default\">\n\t\t\t\t<div class=\"elementor-widget-container\">\n\t\t\t<style>\/*! elementor - v3.19.0 - 28-02-2024 *\/\n.elementor-widget-text-editor.elementor-drop-cap-view-stacked .elementor-drop-cap{background-color:#69727d;color:#fff}.elementor-widget-text-editor.elementor-drop-cap-view-framed .elementor-drop-cap{color:#69727d;border:3px solid;background-color:transparent}.elementor-widget-text-editor:not(.elementor-drop-cap-view-default) .elementor-drop-cap{margin-top:8px}.elementor-widget-text-editor:not(.elementor-drop-cap-view-default) .elementor-drop-cap-letter{width:1em;height:1em}.elementor-widget-text-editor .elementor-drop-cap{float:left;text-align:center;line-height:1;font-size:50px}.elementor-widget-text-editor .elementor-drop-cap-letter{display:inline-block}<\/style>\t\t\t\t<p><strong>POBLACI\u00d3N:<\/strong> 279<br \/><strong>LUGARES:<\/strong>\u00a0Anceu, A Esfarrapada y Os Ram\u00eds.<br \/><strong>FIESTAS:<\/strong><br \/><strong><em>&#8211; Fiesta de los Dolores:<\/em> <\/strong>\u00daltimo domingo de septiembre.<br \/><em><strong>&#8211; Danzas Celtas:<\/strong><\/em> Un grupo de danzantes ataviados con sencillos vestidos blancos ejecutan una danza tradicional de origen celta.<\/p>\t\t\t\t\t\t<\/div>\n\t\t\t\t<\/div>\n\t\t\t\t\t<\/div>\n\t\t<\/div>\n\t\t\t\t<div class=\"elementor-column elementor-col-50 elementor-inner-column elementor-element elementor-element-efc1705\" data-id=\"efc1705\" data-element_type=\"column\">\n\t\t\t<div class=\"elementor-widget-wrap elementor-element-populated\">\n\t\t\t\t\t\t<div class=\"elementor-element elementor-element-dec01ad elementor-widget elementor-widget-image\" data-id=\"dec01ad\" data-element_type=\"widget\" data-widget_type=\"image.default\">\n\t\t\t\t<div class=\"elementor-widget-container\">\n\t\t\t<style>\/*! elementor - v3.19.0 - 28-02-2024 *\/\n.elementor-widget-image{text-align:center}.elementor-widget-image a{display:inline-block}.elementor-widget-image a img[src$=\".svg\"]{width:48px}.elementor-widget-image img{vertical-align:middle;display:inline-block}<\/style>\t\t\t\t\t\t\t\t\t\t<img loading=\"lazy\" decoding=\"async\" width=\"453\" height=\"226\" src=\"https:\/\/pontecaldelas.gal\/wp-content\/uploads\/2022\/12\/anceu_mapa.jpg\" class=\"attachment-large size-large wp-image-156\" alt=\"\" srcset=\"https:\/\/pontecaldelas.gal\/wp-content\/uploads\/2022\/12\/anceu_mapa.jpg 453w, https:\/\/pontecaldelas.gal\/wp-content\/uploads\/2022\/12\/anceu_mapa-300x150.jpg 300w\" sizes=\"(max-width: 453px) 100vw, 453px\" \/>\t\t\t\t\t\t\t\t\t\t\t\t\t<\/div>\n\t\t\t\t<\/div>\n\t\t\t\t\t<\/div>\n\t\t<\/div>\n\t\t\t\t\t<\/div>\n\t\t<\/section>\n\t\t\t\t<div class=\"elementor-element elementor-element-dfc6846 elementor-widget elementor-widget-accordion\" data-id=\"dfc6846\" data-element_type=\"widget\" data-widget_type=\"accordion.default\">\n\t\t\t\t<div class=\"elementor-widget-container\">\n\t\t\t<style>\/*! elementor - v3.19.0 - 28-02-2024 *\/\n.elementor-accordion{text-align:left}.elementor-accordion .elementor-accordion-item{border:1px solid #d5d8dc}.elementor-accordion .elementor-accordion-item+.elementor-accordion-item{border-top:none}.elementor-accordion .elementor-tab-title{margin:0;padding:15px 20px;font-weight:700;line-height:1;cursor:pointer;outline:none}.elementor-accordion .elementor-tab-title .elementor-accordion-icon{display:inline-block;width:1.5em}.elementor-accordion .elementor-tab-title .elementor-accordion-icon svg{width:1em;height:1em}.elementor-accordion .elementor-tab-title .elementor-accordion-icon.elementor-accordion-icon-right{float:right;text-align:right}.elementor-accordion .elementor-tab-title .elementor-accordion-icon.elementor-accordion-icon-left{float:left;text-align:left}.elementor-accordion .elementor-tab-title .elementor-accordion-icon .elementor-accordion-icon-closed{display:block}.elementor-accordion .elementor-tab-title .elementor-accordion-icon .elementor-accordion-icon-opened,.elementor-accordion .elementor-tab-title.elementor-active .elementor-accordion-icon-closed{display:none}.elementor-accordion .elementor-tab-title.elementor-active .elementor-accordion-icon-opened{display:block}.elementor-accordion .elementor-tab-content{display:none;padding:15px 20px;border-top:1px solid #d5d8dc}@media (max-width:767px){.elementor-accordion .elementor-tab-title{padding:12px 15px}.elementor-accordion .elementor-tab-title .elementor-accordion-icon{width:1.2em}.elementor-accordion .elementor-tab-content{padding:7px 15px}}.e-con-inner>.elementor-widget-accordion,.e-con>.elementor-widget-accordion{width:var(--container-widget-width);--flex-grow:var(--container-widget-flex-grow)}<\/style>\t\t<div class=\"elementor-accordion\">\n\t\t\t\t\t\t\t<div class=\"elementor-accordion-item\">\n\t\t\t\t\t<div id=\"elementor-tab-title-2341\" class=\"elementor-tab-title\" data-tab=\"1\" role=\"button\" aria-controls=\"elementor-tab-content-2341\" aria-expanded=\"false\">\n\t\t\t\t\t\t\t\t\t\t\t\t\t<span class=\"elementor-accordion-icon elementor-accordion-icon-left\" aria-hidden=\"true\">\n\t\t\t\t\t\t\t\t\t\t\t\t\t\t\t<span class=\"elementor-accordion-icon-closed\"><i class=\"fas fa-plus\"><\/i><\/span>\n\t\t\t\t\t\t\t\t<span class=\"elementor-accordion-icon-opened\"><i class=\"fas fa-minus\"><\/i><\/span>\n\t\t\t\t\t\t\t\t\t\t\t\t\t\t<\/span>\n\t\t\t\t\t\t\t\t\t\t\t\t<a class=\"elementor-accordion-title\" tabindex=\"0\">Capilla de la Guadalupe<\/a>\n\t\t\t\t\t<\/div>\n\t\t\t\t\t<div id=\"elementor-tab-content-2341\" class=\"elementor-tab-content elementor-clearfix\" data-tab=\"1\" role=\"region\" aria-labelledby=\"elementor-tab-title-2341\"><p><img loading=\"lazy\" decoding=\"async\" class=\"alignleft wp-image-166 size-full\" src=\"https:\/\/pontecaldelas.gal\/wp-content\/uploads\/2022\/12\/guadalupe-anceu.jpg\" alt=\"\" width=\"183\" height=\"270\" \/>La peque\u00f1a Capilla da Guadalupe, en la parroquia de Anceu, es una construcci\u00f3n de planta rectangular con tejado a dos aguas. Termina las esquinas del tejado con pin\u00e1culos. En la fachada, la puerta es adintelada y tiene dos \u00f3culos laterales. Cuenta tambi\u00e9n con una peque\u00f1a espada\u00f1a proporcional al campanario.<\/p><p>En el arco izquierdo del interior se deposit\u00f3 la Patrona Virgen Guadalupe, tallada en una sola pieza, bajo la arcada que antes estaba en el altar. En la mitad de la nave se encuentra otra arcada que lleva la imagen de Nuestra Se\u00f1ora de los Dolores.<\/p><p>El cruceiro es de la \u00e9poca de 1771-76. Su pedestal es casi c\u00fabico y la columna de secci\u00f3n cuadrada pasando a octogonal. La cruz es de secci\u00f3n cuadrada con capitel corintio. Sobre el capitel tiene una columna con la imagen de Cristo y de la Virgen.<\/p><p>La capilla est\u00e1 abierta al p\u00fablico s\u00f3lo en horas de culto.<\/p><\/div>\n\t\t\t\t<\/div>\n\t\t\t\t\t\t\t<div class=\"elementor-accordion-item\">\n\t\t\t\t\t<div id=\"elementor-tab-title-2342\" class=\"elementor-tab-title\" data-tab=\"2\" role=\"button\" aria-controls=\"elementor-tab-content-2342\" aria-expanded=\"false\">\n\t\t\t\t\t\t\t\t\t\t\t\t\t<span class=\"elementor-accordion-icon elementor-accordion-icon-left\" aria-hidden=\"true\">\n\t\t\t\t\t\t\t\t\t\t\t\t\t\t\t<span class=\"elementor-accordion-icon-closed\"><i class=\"fas fa-plus\"><\/i><\/span>\n\t\t\t\t\t\t\t\t<span class=\"elementor-accordion-icon-opened\"><i class=\"fas fa-minus\"><\/i><\/span>\n\t\t\t\t\t\t\t\t\t\t\t\t\t\t<\/span>\n\t\t\t\t\t\t\t\t\t\t\t\t<a class=\"elementor-accordion-title\" tabindex=\"0\">Iglesia Parroquial de San Andr\u00e9s<\/a>\n\t\t\t\t\t<\/div>\n\t\t\t\t\t<div id=\"elementor-tab-content-2342\" class=\"elementor-tab-content elementor-clearfix\" data-tab=\"2\" role=\"region\" aria-labelledby=\"elementor-tab-title-2342\"><p><img loading=\"lazy\" decoding=\"async\" class=\"alignnone size-medium wp-image-171\" src=\"https:\/\/pontecaldelas.gal\/wp-content\/uploads\/2022\/12\/san-andres-anceu-120x300.jpg\" alt=\"\" width=\"120\" height=\"300\" \/><img loading=\"lazy\" decoding=\"async\" class=\"size-full wp-image-172 alignleft\" src=\"https:\/\/pontecaldelas.gal\/wp-content\/uploads\/2022\/12\/san-andres-anceu.jpg\" alt=\"\" width=\"148\" height=\"369\" srcset=\"https:\/\/pontecaldelas.gal\/wp-content\/uploads\/2022\/12\/san-andres-anceu.jpg 148w, https:\/\/pontecaldelas.gal\/wp-content\/uploads\/2022\/12\/san-andres-anceu-120x300.jpg 120w\" sizes=\"(max-width: 148px) 100vw, 148px\" \/>De final del siglo XVIII, la iglesia parroquial de San Andr\u00e9s de Anceu es una construcci\u00f3n de planta rectangular con tejado y nave central a dos aguas. Fue trasladada para incorporar la nave y ampliar la iglesia. En 1700 se distinguen varias etapas donde se a\u00f1ade la nave central con b\u00f3vedas de madera y b\u00f3vedas de ca\u00f1\u00f3n de medio punto y se ampl\u00eda la fachada con front\u00f3n partido y la iglesia.<\/p><p>En el interior, el \u00e1bside es rectangular y tiene adosado la sacrist\u00eda en el lado izquierdo de la cabecera, a\u00f1adida en 1640 por orden del obispo de Tui.\u00a0A un lado de las paredes podemos contemplar una imagen de la Virgen de F\u00e1tima, sobre un pedestal de piedra y al otro lado una imagen de Santa Rita, sobre un pedestal de madera.<\/p><p>El retablo g\u00f3tico-flam\u00edgeo que cubre todo el frente del \u00e1bside, alberga en la hornacina superior una imagen del patr\u00f3n San Andr\u00e9s y en la inferior, una cruz. La hornacina central est\u00e1 ocupada por el Sagrario y rematada por otra cruz del mismo estilo. En las hornacinas laterales se encuentran las im\u00e1genes de la Virgen del Rosario y el Sagrado Coraz\u00f3n de Jes\u00fas y en los extremos dos hornacinas de menor tama\u00f1o ocupadas por las im\u00e1genes de la Virgen del Carmen y la Virgen de la Inmaculada. En la m\u00e9nsula y al extremo del retablo est\u00e1n las im\u00e1genes de San Bernardo y San Benito.<\/p><p>El presbiterio es de b\u00f3veda de piedra a cuatro aguas. En la puerta adintelada y a ambos lados tiene pilastras adosadas. Junto al lado izquierdo cuenta con un cuerpo cuadrado en el que se encuentra el campanario. La iglesia est\u00e1 abierta al p\u00fablico s\u00f3lo en horas de culto.<\/p><\/div>\n\t\t\t\t<\/div>\n\t\t\t\t\t\t\t<div class=\"elementor-accordion-item\">\n\t\t\t\t\t<div id=\"elementor-tab-title-2343\" class=\"elementor-tab-title\" data-tab=\"3\" role=\"button\" aria-controls=\"elementor-tab-content-2343\" aria-expanded=\"false\">\n\t\t\t\t\t\t\t\t\t\t\t\t\t<span class=\"elementor-accordion-icon elementor-accordion-icon-left\" aria-hidden=\"true\">\n\t\t\t\t\t\t\t\t\t\t\t\t\t\t\t<span class=\"elementor-accordion-icon-closed\"><i class=\"fas fa-plus\"><\/i><\/span>\n\t\t\t\t\t\t\t\t<span class=\"elementor-accordion-icon-opened\"><i class=\"fas fa-minus\"><\/i><\/span>\n\t\t\t\t\t\t\t\t\t\t\t\t\t\t<\/span>\n\t\t\t\t\t\t\t\t\t\t\t\t<a class=\"elementor-accordion-title\" tabindex=\"0\">Calvario do Lugar dos Cruceiros<\/a>\n\t\t\t\t\t<\/div>\n\t\t\t\t\t<div id=\"elementor-tab-content-2343\" class=\"elementor-tab-content elementor-clearfix\" data-tab=\"3\" role=\"region\" aria-labelledby=\"elementor-tab-title-2343\"><p><img loading=\"lazy\" decoding=\"async\" class=\"alignleft wp-image-173 size-medium\" src=\"https:\/\/pontecaldelas.gal\/wp-content\/uploads\/2022\/12\/DSC_0118-300x201.jpg\" alt=\"\" width=\"300\" height=\"201\" srcset=\"https:\/\/pontecaldelas.gal\/wp-content\/uploads\/2022\/12\/DSC_0118-300x201.jpg 300w, https:\/\/pontecaldelas.gal\/wp-content\/uploads\/2022\/12\/DSC_0118.jpg 600w\" sizes=\"(max-width: 300px) 100vw, 300px\" \/>El Calvario del lugar de Os Cruceiros, en la parroquia de Anceu, cuenta con tres cruces de finales del siglo XVIII. La cruz m\u00e1s alta posee un pedestal circular. Los brazos y el testero de la cruz acaban en forma rectangular. El Cristo est\u00e1 totalmente pegado al varal. La figura parece muy r\u00fastica y est\u00e1 desgastada.<\/p><\/div>\n\t\t\t\t<\/div>\n\t\t\t\t\t\t\t\t<\/div>\n\t\t\t\t<\/div>\n\t\t\t\t<\/div>\n\t\t\t\t\t<\/div>\n\t\t<\/div>\n\t\t\t\t<div class=\"elementor-column elementor-col-33 elementor-top-column elementor-element elementor-element-afa953d\" data-id=\"afa953d\" data-element_type=\"column\" data-settings=\"{&quot;background_background&quot;:&quot;classic&quot;}\">\n\t\t\t<div class=\"elementor-widget-wrap elementor-element-populated\">\n\t\t\t\t\t\t<div class=\"elementor-element elementor-element-935197f elementor-widget elementor-widget-sidebar\" data-id=\"935197f\" data-element_type=\"widget\" data-widget_type=\"sidebar.default\">\n\t\t\t\t<div class=\"elementor-widget-container\">\n\t\t\t<div>\n<div class=\"wp-block-uagb-image uagb-block-aa61ad95 wp-block-uagb-image--layout-default wp-block-uagb-image--effect-static wp-block-uagb-image--align-none\"><figure class=\"wp-block-uagb-image__figure\"><a class=\"\" href=\"https:\/\/pontecaldelas.gal\/2025\/02\/13\/el-concello-de-ponte-caldelas-recibe-unha-ayuda-para-la-mejora-de-la-eficiencia-energetica-en-el-edificio-del-ayuntamiento-de-ponte-caldelas\/\" target=\"\" rel=\"noopener\"><img loading=\"lazy\" decoding=\"async\" loading=\"lazy\" srcset=\"https:\/\/pontecaldelas.gal\/wp-content\/uploads\/2025\/02\/IMG_7395-1024x742.jpg ,https:\/\/pontecaldelas.gal\/wp-content\/uploads\/2025\/02\/IMG_7395.jpg 780w, https:\/\/pontecaldelas.gal\/wp-content\/uploads\/2025\/02\/IMG_7395.jpg 360w\" sizes=\"auto, (max-width: 480px) 150px\" src=\"https:\/\/pontecaldelas.gal\/wp-content\/uploads\/2025\/02\/IMG_7395-1024x742.jpg\" alt=\"\" class=\"uag-image-886\" width=\"2560\" height=\"1809\" title=\"IMG_7395\" loading=\"lazy\"\/><\/a><\/figure><\/div>\n<\/div><div>\n<p class=\"has-text-align-center has-text-color has-link-color wp-elements-6b6a95d0a25b29953bcc7f02165641fb\" style=\"color:#0c71bf;font-size:16px\"><strong><a href=\"https:\/\/pontecaldelas.gal\/2025\/02\/13\/el-concello-de-ponte-caldelas-recibe-unha-ayuda-para-la-mejora-de-la-eficiencia-energetica-en-el-edificio-del-ayuntamiento-de-ponte-caldelas\/\">MEJORA DE LA EFICIENCIA ENERG\u00c9TICA DEL EDIFICIO DEL AYUNTAMIENTO DE PONTE CALDELAS (PONTEVEDRA) <\/a><\/strong><\/p>\n<\/div><div>\n<p class=\"has-text-align-center has-small-font-size\"><strong>N\u00ba expediente IDAE:<\/strong> PR-D5000-2021-000149<\/p>\n<\/div><div>\n<figure class=\"wp-block-image aligncenter size-large\"><a href=\"https:\/\/pontecaldelas.gal\/wp-content\/uploads\/2026\/03\/image-3.png\"><img fetchpriority=\"high\" decoding=\"async\" fetchpriority=\"high\" width=\"1024\" height=\"725\" src=\"https:\/\/pontecaldelas.gal\/wp-content\/uploads\/2026\/03\/image-3-1024x725.png\" alt=\"\" class=\"wp-image-1013\" srcset=\"https:\/\/pontecaldelas.gal\/wp-content\/uploads\/2026\/03\/image-3-1024x725.png 1024w, https:\/\/pontecaldelas.gal\/wp-content\/uploads\/2026\/03\/image-3-300x212.png 300w, https:\/\/pontecaldelas.gal\/wp-content\/uploads\/2026\/03\/image-3-768x543.png 768w, https:\/\/pontecaldelas.gal\/wp-content\/uploads\/2026\/03\/image-3-18x12.png 18w, https:\/\/pontecaldelas.gal\/wp-content\/uploads\/2026\/03\/image-3.png 1334w\" sizes=\"(max-width: 1024px) 100vw, 1024px\" \/><\/a><\/figure>\n<\/div><div>\n<figure class=\"wp-block-image aligncenter size-large\"><a href=\"https:\/\/pontecaldelas.gal\/wp-content\/uploads\/2026\/03\/image-4.png\"><img loading=\"lazy\" decoding=\"async\" width=\"1024\" height=\"728\" src=\"https:\/\/pontecaldelas.gal\/wp-content\/uploads\/2026\/03\/image-4-1024x728.png\" alt=\"\" class=\"wp-image-1014\" srcset=\"https:\/\/pontecaldelas.gal\/wp-content\/uploads\/2026\/03\/image-4-1024x728.png 1024w, https:\/\/pontecaldelas.gal\/wp-content\/uploads\/2026\/03\/image-4-300x213.png 300w, https:\/\/pontecaldelas.gal\/wp-content\/uploads\/2026\/03\/image-4-768x546.png 768w, https:\/\/pontecaldelas.gal\/wp-content\/uploads\/2026\/03\/image-4-18x12.png 18w, https:\/\/pontecaldelas.gal\/wp-content\/uploads\/2026\/03\/image-4.png 1333w\" sizes=\"(max-width: 1024px) 100vw, 1024px\" \/><\/a><\/figure>\n<\/div><div>\n<div class=\"wp-block-uagb-info-box uagb-block-62de228d uagb-infobox__content-wrap  uagb-infobox_cta-type-all uagb-infobox-icon-below-title uagb-infobox-image-valign-top\"><a href=\"https:\/\/cloud.belimo.com\/\" class=\"uagb-infobox-link-wrap uagb-infbox__link-to-all\" target=\"_blank\" aria-label=\"Infobox Link\" rel=\"noopener noreferrer\" onclick=\"return true;\"><\/a><div class=\"uagb-ifb-content\"><div class=\"uagb-ifb-title-wrap\"><h5 class=\"uagb-ifb-title\"><strong>Acceso al medidor de energ\u00eda t\u00e9rmica<\/strong><\/h5><\/div><div class=\"uagb-ifb-image-content\"><img decoding=\"async\" src=\"https:\/\/pontecaldelas.gal\/wp-content\/uploads\/2026\/03\/qr-consumo-pontecaldelas.jpeg\" alt=\"\" width=\"\" height=\"0\" loading=\"lazy\"\/><\/div><div class=\"uagb-ifb-button-wrapper wp-block-button\"><\/div><\/div><\/div>\n<\/div><div>\n<hr class=\"wp-block-separator has-alpha-channel-opacity is-style-dots\"\/>\n<\/div><div>\n<p class=\"has-text-align-center has-text-color has-link-color wp-elements-31d0bc98b287cca0a6ef3205e6011e21\" style=\"color:#0c71bf;font-size:16px\"><strong><strong>MEJORA DE LA EFICIENCIA ENERG\u00c9TICA DEL EDIFICIO DE LA CASA DE CULTURA DE PONTE CALDELAS(PONTEVEDRA)<\/strong><\/strong><\/p>\n<\/div><div>\n<p class=\"has-text-align-center has-small-font-size\"><strong>N\u00ba expediente IDAE: PR-D5000-2021-001859<\/strong><\/p>\n<\/div><div>\n<figure class=\"wp-block-image aligncenter size-full\"><a href=\"https:\/\/pontecaldelas.gal\/wp-content\/uploads\/2026\/03\/image.png\"><img loading=\"lazy\" decoding=\"async\" width=\"543\" height=\"401\" src=\"https:\/\/pontecaldelas.gal\/wp-content\/uploads\/2026\/03\/image.png\" alt=\"\" class=\"wp-image-1007\" srcset=\"https:\/\/pontecaldelas.gal\/wp-content\/uploads\/2026\/03\/image.png 543w, https:\/\/pontecaldelas.gal\/wp-content\/uploads\/2026\/03\/image-300x222.png 300w, https:\/\/pontecaldelas.gal\/wp-content\/uploads\/2026\/03\/image-16x12.png 16w\" sizes=\"(max-width: 543px) 100vw, 543px\" \/><\/a><\/figure>\n<\/div><div>\n<figure class=\"wp-block-image aligncenter size-full\"><a href=\"https:\/\/pontecaldelas.gal\/wp-content\/uploads\/2026\/03\/image-1.png\"><img loading=\"lazy\" decoding=\"async\" loading=\"lazy\" width=\"543\" height=\"388\" src=\"https:\/\/pontecaldelas.gal\/wp-content\/uploads\/2026\/03\/image-1.png\" alt=\"\" class=\"wp-image-1008\" srcset=\"https:\/\/pontecaldelas.gal\/wp-content\/uploads\/2026\/03\/image-1.png 543w, https:\/\/pontecaldelas.gal\/wp-content\/uploads\/2026\/03\/image-1-300x214.png 300w, https:\/\/pontecaldelas.gal\/wp-content\/uploads\/2026\/03\/image-1-18x12.png 18w\" sizes=\"auto, (max-width: 543px) 100vw, 543px\" \/><\/a><\/figure>\n<\/div><div>\n<figure class=\"wp-block-image aligncenter size-large\"><a href=\"https:\/\/pontecaldelas.gal\/wp-content\/uploads\/2026\/03\/image-2.png\"><img loading=\"lazy\" decoding=\"async\" loading=\"lazy\" width=\"1024\" height=\"716\" src=\"https:\/\/pontecaldelas.gal\/wp-content\/uploads\/2026\/03\/image-2-1024x716.png\" alt=\"\" class=\"wp-image-1009\" srcset=\"https:\/\/pontecaldelas.gal\/wp-content\/uploads\/2026\/03\/image-2-1024x716.png 1024w, https:\/\/pontecaldelas.gal\/wp-content\/uploads\/2026\/03\/image-2-300x210.png 300w, https:\/\/pontecaldelas.gal\/wp-content\/uploads\/2026\/03\/image-2-768x537.png 768w, https:\/\/pontecaldelas.gal\/wp-content\/uploads\/2026\/03\/image-2-18x12.png 18w, https:\/\/pontecaldelas.gal\/wp-content\/uploads\/2026\/03\/image-2.png 1305w\" sizes=\"auto, (max-width: 1024px) 100vw, 1024px\" \/><\/a><\/figure>\n<\/div><div>\n<hr class=\"wp-block-separator has-alpha-channel-opacity is-style-dots\"\/>\n<\/div><div>\n<figure class=\"wp-block-image size-full\"><a href=\"https:\/\/pontecaldelas.gal\/2025\/01\/30\/o-concello-de-ponte-caldelas-recibe-unha-axuda-de-43-55340-euros-do-idae-para-a-adquisicion-dun-vehiculo-electrico-para-o-parque-movil-municipal\/\"><img loading=\"lazy\" decoding=\"async\" loading=\"lazy\" width=\"1754\" height=\"1240\" src=\"https:\/\/pontecaldelas.gal\/wp-content\/uploads\/2025\/02\/DUS.jpg\" alt=\"\" class=\"wp-image-884\" srcset=\"https:\/\/pontecaldelas.gal\/wp-content\/uploads\/2025\/02\/DUS.jpg 1754w, https:\/\/pontecaldelas.gal\/wp-content\/uploads\/2025\/02\/DUS-300x212.jpg 300w, https:\/\/pontecaldelas.gal\/wp-content\/uploads\/2025\/02\/DUS-1024x724.jpg 1024w, https:\/\/pontecaldelas.gal\/wp-content\/uploads\/2025\/02\/DUS-768x543.jpg 768w, https:\/\/pontecaldelas.gal\/wp-content\/uploads\/2025\/02\/DUS-1536x1086.jpg 1536w, https:\/\/pontecaldelas.gal\/wp-content\/uploads\/2025\/02\/DUS-18x12.jpg 18w\" sizes=\"auto, (max-width: 1754px) 100vw, 1754px\" \/><\/a><\/figure>\n<\/div><div>\n<figure class=\"wp-block-image aligncenter size-full is-resized\"><a href=\"http:\/\/pontecaldelas.sedelectronica.es\/\"><img loading=\"lazy\" decoding=\"async\" loading=\"lazy\" width=\"222\" height=\"70\" src=\"https:\/\/pontecaldelas.gal\/wp-content\/uploads\/2023\/01\/sede_electronica_ponte_caldelas_banner.png\" alt=\"\" class=\"wp-image-460\" style=\"width:396px;height:auto\"\/><\/a><\/figure>\n<\/div><div>\n<figure class=\"wp-block-image size-full is-style-default\"><a href=\"https:\/\/pontecaldelas.sedelectronica.es\/info.0\" target=\"_blank\" rel=\" noreferrer noopener\"><img loading=\"lazy\" decoding=\"async\" loading=\"lazy\" width=\"1024\" height=\"1431\" src=\"https:\/\/pontecaldelas.gal\/wp-content\/uploads\/2026\/02\/CARTEL-entroido-2026.jpg\" alt=\"\" class=\"wp-image-994\" srcset=\"https:\/\/pontecaldelas.gal\/wp-content\/uploads\/2026\/02\/CARTEL-entroido-2026.jpg 1024w, https:\/\/pontecaldelas.gal\/wp-content\/uploads\/2026\/02\/CARTEL-entroido-2026-215x300.jpg 215w, https:\/\/pontecaldelas.gal\/wp-content\/uploads\/2026\/02\/CARTEL-entroido-2026-733x1024.jpg 733w, https:\/\/pontecaldelas.gal\/wp-content\/uploads\/2026\/02\/CARTEL-entroido-2026-768x1073.jpg 768w, https:\/\/pontecaldelas.gal\/wp-content\/uploads\/2026\/02\/CARTEL-entroido-2026-9x12.jpg 9w\" sizes=\"auto, (max-width: 1024px) 100vw, 1024px\" \/><\/a><\/figure>\n<\/div><div>\n<div class=\"wp-block-uagb-buttons uagb-buttons__outer-wrap uagb-btn__medium-btn uagb-btn-tablet__default-btn uagb-btn-mobile__default-btn uagb-block-8123a8bc\"><div class=\"uagb-buttons__wrap uagb-buttons-layout-wrap\">\n<div class=\"wp-block-uagb-buttons-child uagb-buttons__outer-wrap uagb-block-97afdd10 wp-block-button\"><div class=\"uagb-button__wrapper\"><a class=\"uagb-buttons-repeater wp-block-button__link\" aria-label=\"\" href=\"\/tramites-administrativos\/\" rel=\"follow noopener\" target=\"_blank\"><div class=\"uagb-button__link\">TR\u00c1MITES ADMINISTRATIVOS<\/div><\/a><\/div><\/div>\n\n\n\n<div class=\"wp-block-uagb-buttons-child uagb-buttons__outer-wrap uagb-block-6907ad54 wp-block-button\"><div class=\"uagb-button__wrapper\"><a class=\"uagb-buttons-repeater wp-block-button__link\" aria-label=\"\" href=\"https:\/\/pontecaldelas.sedelectronica.es\/transparency\/9bac0494-c983-4c46-afed-ef77380dd003\/\" rel=\"follow noopener\" target=\"_self\"><div class=\"uagb-button__link\">PLAN DE INTEGRIDADE<br>CANLE DE DENUNCIAS<\/div><\/a><\/div><\/div>\n\n\n\n<div class=\"wp-block-uagb-buttons-child uagb-buttons__outer-wrap uagb-block-8a221744 wp-block-button\"><div class=\"uagb-button__wrapper\"><a class=\"uagb-buttons-repeater wp-block-button__link\" aria-label=\"\" href=\"#\" rel=\"follow noopener\" target=\"_self\"><div class=\"uagb-button__link\">Haz clic aqu\u00ed<\/div><\/a><\/div><\/div>\n<\/div><\/div>\n<\/div><div>\n<div class=\"wp-block-uagb-image uagb-block-f845f92d wp-block-uagb-image--layout-default wp-block-uagb-image--effect-static wp-block-uagb-image--align-none\"><figure class=\"wp-block-uagb-image__figure\"><a class=\"\" href=\"\/2020\/09\/20\/ponte-caldelas-humanizara-a-avenida-de-galicia-grazas-os-fondos-feder\/\" target=\"\" rel=\"noopener\"><img loading=\"lazy\" decoding=\"async\" loading=\"lazy\" srcset=\"https:\/\/pontecaldelas.gal\/wp-content\/uploads\/2022\/12\/preview2.jpg \" sizes=\"auto, (max-width: 480px) 150px\" src=\"https:\/\/pontecaldelas.gal\/wp-content\/uploads\/2022\/12\/preview2.jpg\" alt=\"\" class=\"uag-image-257\" width=\"792\" height=\"560\" title=\"\" loading=\"lazy\"\/><\/a><\/figure><\/div>\n<\/div><div>\n<div class=\"wp-block-uagb-image aligncenter uagb-block-31eb592d wp-block-uagb-image--layout-default wp-block-uagb-image--effect-static wp-block-uagb-image--align-center\"><figure class=\"wp-block-uagb-image__figure\"><a class=\"\" href=\"https:\/\/vida-saudable.sergas.gal\/\" target=\"\" rel=\"noopener\"><img loading=\"lazy\" decoding=\"async\" loading=\"lazy\" srcset=\"https:\/\/pontecaldelas.gal\/wp-content\/uploads\/2025\/12\/Captura-de-pantalla_12-12-2025_11437_vida-saudable.sergas.gal_.jpeg ,https:\/\/pontecaldelas.gal\/wp-content\/uploads\/2025\/12\/Captura-de-pantalla_12-12-2025_11437_vida-saudable.sergas.gal_.jpeg 780w, https:\/\/pontecaldelas.gal\/wp-content\/uploads\/2025\/12\/Captura-de-pantalla_12-12-2025_11437_vida-saudable.sergas.gal_.jpeg 360w\" sizes=\"auto, (max-width: 480px) 150px\" src=\"https:\/\/pontecaldelas.gal\/wp-content\/uploads\/2025\/12\/Captura-de-pantalla_12-12-2025_11437_vida-saudable.sergas.gal_.jpeg\" alt=\"\" class=\"uag-image-992\" width=\"601\" height=\"216\" title=\"Captura de pantalla_12-12-2025_11437_vida-saudable.sergas.gal\" loading=\"lazy\"\/><\/a><\/figure><\/div>\n<\/div><div>\n<figure class=\"wp-block-image size-large\"><a href=\"\/patrimonio\/\"><img loading=\"lazy\" decoding=\"async\" loading=\"lazy\" width=\"1024\" height=\"387\" src=\"https:\/\/pontecaldelas.gal\/wp-content\/uploads\/2023\/02\/patrimonio_banner-1024x387.jpeg\" alt=\"\" class=\"wp-image-644\" srcset=\"https:\/\/pontecaldelas.gal\/wp-content\/uploads\/2023\/02\/patrimonio_banner-1024x387.jpeg 1024w, https:\/\/pontecaldelas.gal\/wp-content\/uploads\/2023\/02\/patrimonio_banner-300x113.jpeg 300w, https:\/\/pontecaldelas.gal\/wp-content\/uploads\/2023\/02\/patrimonio_banner-768x290.jpeg 768w, https:\/\/pontecaldelas.gal\/wp-content\/uploads\/2023\/02\/patrimonio_banner-1536x581.jpeg 1536w, https:\/\/pontecaldelas.gal\/wp-content\/uploads\/2023\/02\/patrimonio_banner-18x7.jpeg 18w, https:\/\/pontecaldelas.gal\/wp-content\/uploads\/2023\/02\/patrimonio_banner.jpeg 1600w\" sizes=\"auto, (max-width: 1024px) 100vw, 1024px\" \/><\/a><\/figure>\n<\/div><div>\n<div class=\"wp-block-group is-layout-constrained wp-block-group-is-layout-constrained\">\n<p class=\"has-text-align-center has-white-color has-text-color has-background\" style=\"background-color:#0c71bf\">PUNTO DE INFORMACI\u00d3N<br>CATASTRAL (PIC)<\/p>\n\n\n\n<p class=\"has-text-align-center\"><strong>Ubicaci\u00f3n:<\/strong>&nbsp;Casa do Concello.<br>Avenida de Galicia,17.<br>36820 Ponte Caldelas.<br><strong>Tel\u00e9fono:<\/strong>&nbsp;986750001\/13<br><strong>Horario:<\/strong>&nbsp;de 9 a 14:00h<br>de luns a venres.<\/p>\n<\/div>\n<\/div><div>\n<div class=\"wp-block-uagb-image aligncenter uagb-block-2d58c9ce wp-block-uagb-image--layout-default wp-block-uagb-image--effect-static wp-block-uagb-image--align-center\"><figure class=\"wp-block-uagb-image__figure\"><a class=\"\" href=\"https:\/\/web.depo.gal\/oral-xestion-tributaria-e-catastral\" target=\"\" rel=\"noopener\"><img loading=\"lazy\" decoding=\"async\" loading=\"lazy\" srcset=\"https:\/\/pontecaldelas.gal\/wp-content\/uploads\/2022\/12\/ORAL.jpg \" sizes=\"auto, (max-width: 480px) 150px\" src=\"https:\/\/pontecaldelas.gal\/wp-content\/uploads\/2022\/12\/ORAL.jpg\" alt=\"\" class=\"uag-image-392\" width=\"472\" height=\"133\" title=\"\" loading=\"lazy\"\/><\/a><\/figure><\/div>\n<\/div>\t\t<\/div>\n\t\t\t\t<\/div>\n\t\t\t\t\t<\/div>\n\t\t<\/div>\n\t\t\t\t\t<\/div>\n\t\t<\/section>\n\t\t\t\t<\/div>\n\t\t","protected":false},"excerpt":{"rendered":"<p>ANCEU (Santo Andr\u00e9) POBLACI\u00d3N: 279LUGARES:\u00a0Anceu, A Esfarrapada y Os Ram\u00eds.FIESTAS:&#8211; Fiesta de los Dolores: \u00daltimo domingo de septiembre.&#8211; Danzas Celtas: Un grupo de danzantes ataviados con sencillos vestidos blancos ejecutan una danza tradicional de origen celta. Capilla de la Guadalupe La peque\u00f1a Capilla da Guadalupe, en la parroquia de Anceu, es una construcci\u00f3n de planta [&hellip;]<\/p>\n","protected":false},"author":1,"featured_media":0,"parent":0,"menu_order":0,"comment_status":"closed","ping_status":"closed","template":"","meta":{"_uag_custom_page_level_css":"","footnotes":""},"class_list":["post-143","page","type-page","status-publish","hentry"],"yoast_head":"<!-- This site is optimized with the Yoast SEO plugin v27.3 - https:\/\/yoast.com\/product\/yoast-seo-wordpress\/ -->\n<title>ANCEU (Santo Andr\u00e9) - Concello de Ponte Caldelas<\/title>\n<meta name=\"robots\" content=\"index, follow, max-snippet:-1, max-image-preview:large, max-video-preview:-1\" \/>\n<link rel=\"canonical\" href=\"https:\/\/pontecaldelas.gal\/gl\/anceu-santo-andre\/\" \/>\n<meta property=\"og:locale\" content=\"gl_ES\" \/>\n<meta property=\"og:type\" content=\"article\" \/>\n<meta property=\"og:title\" content=\"ANCEU (Santo Andr\u00e9) - Concello de Ponte Caldelas\" \/>\n<meta property=\"og:description\" content=\"ANCEU (Santo Andr\u00e9) POBLACI\u00d3N: 279LUGARES:\u00a0Anceu, A Esfarrapada y Os Ram\u00eds.FIESTAS:&#8211; Fiesta de los Dolores: \u00daltimo domingo de septiembre.&#8211; Danzas Celtas: Un grupo de danzantes ataviados con sencillos vestidos blancos ejecutan una danza tradicional de origen celta. Capilla de la Guadalupe La peque\u00f1a Capilla da Guadalupe, en la parroquia de Anceu, es una construcci\u00f3n de planta [&hellip;]\" \/>\n<meta property=\"og:url\" content=\"https:\/\/pontecaldelas.gal\/gl\/anceu-santo-andre\/\" \/>\n<meta property=\"og:site_name\" content=\"Concello de Ponte Caldelas\" \/>\n<meta property=\"article:publisher\" content=\"https:\/\/www.facebook.com\/turismo.enpontecaldelas\" \/>\n<meta property=\"article:modified_time\" content=\"2023-01-18T11:20:30+00:00\" \/>\n<meta property=\"og:image\" content=\"https:\/\/pontecaldelas.gal\/wp-content\/uploads\/2022\/12\/anceu_mapa.jpg\" \/>\n<meta name=\"twitter:card\" content=\"summary_large_image\" \/>\n<meta name=\"twitter:site\" content=\"@Turpontcaldelas\" \/>\n<meta name=\"twitter:label1\" content=\"Tempo de lectura\" \/>\n\t<meta name=\"twitter:data1\" content=\"3 minutos\" \/>\n<script type=\"application\/ld+json\" class=\"yoast-schema-graph\">{\"@context\":\"https:\\\/\\\/schema.org\",\"@graph\":[{\"@type\":\"WebPage\",\"@id\":\"https:\\\/\\\/pontecaldelas.gal\\\/anceu-santo-andre\\\/\",\"url\":\"https:\\\/\\\/pontecaldelas.gal\\\/anceu-santo-andre\\\/\",\"name\":\"ANCEU (Santo Andr\u00e9) - Concello de Ponte Caldelas\",\"isPartOf\":{\"@id\":\"https:\\\/\\\/pontecaldelas.gal\\\/gl\\\/#website\"},\"primaryImageOfPage\":{\"@id\":\"https:\\\/\\\/pontecaldelas.gal\\\/anceu-santo-andre\\\/#primaryimage\"},\"image\":{\"@id\":\"https:\\\/\\\/pontecaldelas.gal\\\/anceu-santo-andre\\\/#primaryimage\"},\"thumbnailUrl\":\"https:\\\/\\\/pontecaldelas.gal\\\/wp-content\\\/uploads\\\/2022\\\/12\\\/anceu_mapa.jpg\",\"datePublished\":\"2022-12-05T15:13:41+00:00\",\"dateModified\":\"2023-01-18T11:20:30+00:00\",\"breadcrumb\":{\"@id\":\"https:\\\/\\\/pontecaldelas.gal\\\/anceu-santo-andre\\\/#breadcrumb\"},\"inLanguage\":\"gl-ES\",\"potentialAction\":[{\"@type\":\"ReadAction\",\"target\":[\"https:\\\/\\\/pontecaldelas.gal\\\/anceu-santo-andre\\\/\"]}]},{\"@type\":\"ImageObject\",\"inLanguage\":\"gl-ES\",\"@id\":\"https:\\\/\\\/pontecaldelas.gal\\\/anceu-santo-andre\\\/#primaryimage\",\"url\":\"https:\\\/\\\/pontecaldelas.gal\\\/wp-content\\\/uploads\\\/2022\\\/12\\\/anceu_mapa.jpg\",\"contentUrl\":\"https:\\\/\\\/pontecaldelas.gal\\\/wp-content\\\/uploads\\\/2022\\\/12\\\/anceu_mapa.jpg\"},{\"@type\":\"BreadcrumbList\",\"@id\":\"https:\\\/\\\/pontecaldelas.gal\\\/anceu-santo-andre\\\/#breadcrumb\",\"itemListElement\":[{\"@type\":\"ListItem\",\"position\":1,\"name\":\"Portada\",\"item\":\"https:\\\/\\\/pontecaldelas.gal\\\/\"},{\"@type\":\"ListItem\",\"position\":2,\"name\":\"ANCEU (Santo Andr\u00e9)\"}]},{\"@type\":\"WebSite\",\"@id\":\"https:\\\/\\\/pontecaldelas.gal\\\/gl\\\/#website\",\"url\":\"https:\\\/\\\/pontecaldelas.gal\\\/gl\\\/\",\"name\":\"Concello de Ponte Caldelas\",\"description\":\"\",\"publisher\":{\"@id\":\"https:\\\/\\\/pontecaldelas.gal\\\/gl\\\/#organization\"},\"potentialAction\":[{\"@type\":\"SearchAction\",\"target\":{\"@type\":\"EntryPoint\",\"urlTemplate\":\"https:\\\/\\\/pontecaldelas.gal\\\/gl\\\/?s={search_term_string}\"},\"query-input\":{\"@type\":\"PropertyValueSpecification\",\"valueRequired\":true,\"valueName\":\"search_term_string\"}}],\"inLanguage\":\"gl-ES\"},{\"@type\":\"Organization\",\"@id\":\"https:\\\/\\\/pontecaldelas.gal\\\/gl\\\/#organization\",\"name\":\"Concello de Ponte Caldelas\",\"url\":\"https:\\\/\\\/pontecaldelas.gal\\\/gl\\\/\",\"logo\":{\"@type\":\"ImageObject\",\"inLanguage\":\"gl-ES\",\"@id\":\"https:\\\/\\\/pontecaldelas.gal\\\/gl\\\/#\\\/schema\\\/logo\\\/image\\\/\",\"url\":\"https:\\\/\\\/pontecaldelas.gal\\\/wp-content\\\/uploads\\\/2022\\\/12\\\/logo_PONTE_CALDELAS.png\",\"contentUrl\":\"https:\\\/\\\/pontecaldelas.gal\\\/wp-content\\\/uploads\\\/2022\\\/12\\\/logo_PONTE_CALDELAS.png\",\"width\":381,\"height\":125,\"caption\":\"Concello de Ponte Caldelas\"},\"image\":{\"@id\":\"https:\\\/\\\/pontecaldelas.gal\\\/gl\\\/#\\\/schema\\\/logo\\\/image\\\/\"},\"sameAs\":[\"https:\\\/\\\/www.facebook.com\\\/turismo.enpontecaldelas\",\"https:\\\/\\\/x.com\\\/Turpontcaldelas\"]}]}<\/script>\n<!-- \/ Yoast SEO plugin. -->","yoast_head_json":{"title":"ANCEU (Santo Andr\u00e9) - Concello de Ponte Caldelas","robots":{"index":"index","follow":"follow","max-snippet":"max-snippet:-1","max-image-preview":"max-image-preview:large","max-video-preview":"max-video-preview:-1"},"canonical":"https:\/\/pontecaldelas.gal\/gl\/anceu-santo-andre\/","og_locale":"gl_ES","og_type":"article","og_title":"ANCEU (Santo Andr\u00e9) - Concello de Ponte Caldelas","og_description":"ANCEU (Santo Andr\u00e9) POBLACI\u00d3N: 279LUGARES:\u00a0Anceu, A Esfarrapada y Os Ram\u00eds.FIESTAS:&#8211; Fiesta de los Dolores: \u00daltimo domingo de septiembre.&#8211; Danzas Celtas: Un grupo de danzantes ataviados con sencillos vestidos blancos ejecutan una danza tradicional de origen celta. Capilla de la Guadalupe La peque\u00f1a Capilla da Guadalupe, en la parroquia de Anceu, es una construcci\u00f3n de planta [&hellip;]","og_url":"https:\/\/pontecaldelas.gal\/gl\/anceu-santo-andre\/","og_site_name":"Concello de Ponte Caldelas","article_publisher":"https:\/\/www.facebook.com\/turismo.enpontecaldelas","article_modified_time":"2023-01-18T11:20:30+00:00","og_image":[{"url":"https:\/\/pontecaldelas.gal\/wp-content\/uploads\/2022\/12\/anceu_mapa.jpg","type":"","width":"","height":""}],"twitter_card":"summary_large_image","twitter_site":"@Turpontcaldelas","twitter_misc":{"Tempo de lectura":"3 minutos"},"schema":{"@context":"https:\/\/schema.org","@graph":[{"@type":"WebPage","@id":"https:\/\/pontecaldelas.gal\/anceu-santo-andre\/","url":"https:\/\/pontecaldelas.gal\/anceu-santo-andre\/","name":"ANCEU (Santo Andr\u00e9) - Concello de Ponte Caldelas","isPartOf":{"@id":"https:\/\/pontecaldelas.gal\/gl\/#website"},"primaryImageOfPage":{"@id":"https:\/\/pontecaldelas.gal\/anceu-santo-andre\/#primaryimage"},"image":{"@id":"https:\/\/pontecaldelas.gal\/anceu-santo-andre\/#primaryimage"},"thumbnailUrl":"https:\/\/pontecaldelas.gal\/wp-content\/uploads\/2022\/12\/anceu_mapa.jpg","datePublished":"2022-12-05T15:13:41+00:00","dateModified":"2023-01-18T11:20:30+00:00","breadcrumb":{"@id":"https:\/\/pontecaldelas.gal\/anceu-santo-andre\/#breadcrumb"},"inLanguage":"gl-ES","potentialAction":[{"@type":"ReadAction","target":["https:\/\/pontecaldelas.gal\/anceu-santo-andre\/"]}]},{"@type":"ImageObject","inLanguage":"gl-ES","@id":"https:\/\/pontecaldelas.gal\/anceu-santo-andre\/#primaryimage","url":"https:\/\/pontecaldelas.gal\/wp-content\/uploads\/2022\/12\/anceu_mapa.jpg","contentUrl":"https:\/\/pontecaldelas.gal\/wp-content\/uploads\/2022\/12\/anceu_mapa.jpg"},{"@type":"BreadcrumbList","@id":"https:\/\/pontecaldelas.gal\/anceu-santo-andre\/#breadcrumb","itemListElement":[{"@type":"ListItem","position":1,"name":"Portada","item":"https:\/\/pontecaldelas.gal\/"},{"@type":"ListItem","position":2,"name":"ANCEU (Santo Andr\u00e9)"}]},{"@type":"WebSite","@id":"https:\/\/pontecaldelas.gal\/gl\/#website","url":"https:\/\/pontecaldelas.gal\/gl\/","name":"Concello de Ponte Caldelas","description":"","publisher":{"@id":"https:\/\/pontecaldelas.gal\/gl\/#organization"},"potentialAction":[{"@type":"SearchAction","target":{"@type":"EntryPoint","urlTemplate":"https:\/\/pontecaldelas.gal\/gl\/?s={search_term_string}"},"query-input":{"@type":"PropertyValueSpecification","valueRequired":true,"valueName":"search_term_string"}}],"inLanguage":"gl-ES"},{"@type":"Organization","@id":"https:\/\/pontecaldelas.gal\/gl\/#organization","name":"Concello de Ponte Caldelas","url":"https:\/\/pontecaldelas.gal\/gl\/","logo":{"@type":"ImageObject","inLanguage":"gl-ES","@id":"https:\/\/pontecaldelas.gal\/gl\/#\/schema\/logo\/image\/","url":"https:\/\/pontecaldelas.gal\/wp-content\/uploads\/2022\/12\/logo_PONTE_CALDELAS.png","contentUrl":"https:\/\/pontecaldelas.gal\/wp-content\/uploads\/2022\/12\/logo_PONTE_CALDELAS.png","width":381,"height":125,"caption":"Concello de Ponte Caldelas"},"image":{"@id":"https:\/\/pontecaldelas.gal\/gl\/#\/schema\/logo\/image\/"},"sameAs":["https:\/\/www.facebook.com\/turismo.enpontecaldelas","https:\/\/x.com\/Turpontcaldelas"]}]}},"uagb_featured_image_src":{"full":false,"thumbnail":false,"medium":false,"medium_large":false,"large":false,"1536x1536":false,"2048x2048":false,"trp-custom-language-flag":false},"uagb_author_info":{"display_name":"adminPC","author_link":"https:\/\/pontecaldelas.gal\/gl\/author\/adminpc\/"},"uagb_comment_info":0,"uagb_excerpt":"ANCEU (Santo Andr\u00e9) POBLACI\u00d3N: 279LUGARES:\u00a0Anceu, A Esfarrapada y Os Ram\u00eds.FIESTAS:&#8211; Fiesta de los Dolores: \u00daltimo domingo de septiembre.&#8211; Danzas Celtas: Un grupo de danzantes ataviados con sencillos vestidos blancos ejecutan una danza tradicional de origen celta. Capilla de la Guadalupe La peque\u00f1a Capilla da Guadalupe, en la parroquia de Anceu, es una construcci\u00f3n de planta&hellip;","_links":{"self":[{"href":"https:\/\/pontecaldelas.gal\/gl\/wp-json\/wp\/v2\/pages\/143","targetHints":{"allow":["GET"]}}],"collection":[{"href":"https:\/\/pontecaldelas.gal\/gl\/wp-json\/wp\/v2\/pages"}],"about":[{"href":"https:\/\/pontecaldelas.gal\/gl\/wp-json\/wp\/v2\/types\/page"}],"author":[{"embeddable":true,"href":"https:\/\/pontecaldelas.gal\/gl\/wp-json\/wp\/v2\/users\/1"}],"replies":[{"embeddable":true,"href":"https:\/\/pontecaldelas.gal\/gl\/wp-json\/wp\/v2\/comments?post=143"}],"version-history":[{"count":25,"href":"https:\/\/pontecaldelas.gal\/gl\/wp-json\/wp\/v2\/pages\/143\/revisions"}],"predecessor-version":[{"id":176,"href":"https:\/\/pontecaldelas.gal\/gl\/wp-json\/wp\/v2\/pages\/143\/revisions\/176"}],"wp:attachment":[{"href":"https:\/\/pontecaldelas.gal\/gl\/wp-json\/wp\/v2\/media?parent=143"}],"curies":[{"name":"wp","href":"https:\/\/api.w.org\/{rel}","templated":true}]}}